{"id":3914,"date":"2019-06-11T12:30:36","date_gmt":"2019-06-11T10:30:36","guid":{"rendered":"https:\/\/www.perigordaventureloisirs.com\/descente-dordogne-canoe-kayak\/"},"modified":"2024-05-24T13:15:59","modified_gmt":"2024-05-24T11:15:59","slug":"day-trips-dordogne-canoe-kayak","status":"publish","type":"page","link":"https:\/\/www.perigordaventureloisirs.com\/en\/day-trips-dordogne-canoe-kayak\/","title":{"rendered":"Day trips"},"content":{"rendered":"\n<style type=\"text\/css\" data-created_by=\"avia_inline_auto\" id=\"style-css-av-1ua22y-d14a0489b708ae4506fb7ea25eaac9df\">\n#top .av-special-heading.av-1ua22y-d14a0489b708ae4506fb7ea25eaac9df{\npadding-bottom:10px;\nfont-size:40px;\n}\nbody .av-special-heading.av-1ua22y-d14a0489b708ae4506fb7ea25eaac9df .av-special-heading-tag .heading-char{\nfont-size:25px;\n}\n#top #wrap_all .av-special-heading.av-1ua22y-d14a0489b708ae4506fb7ea25eaac9df .av-special-heading-tag{\nfont-size:40px;\n}\n.av-special-heading.av-1ua22y-d14a0489b708ae4506fb7ea25eaac9df .av-subheading{\nfont-size:15px;\n}\n\n@media only screen and (min-width: 480px) and (max-width: 767px){ \n#top #wrap_all .av-special-heading.av-1ua22y-d14a0489b708ae4506fb7ea25eaac9df .av-special-heading-tag{\nfont-size:0.8em;\n}\n}\n\n@media only screen and (max-width: 479px){ \n#top #wrap_all .av-special-heading.av-1ua22y-d14a0489b708ae4506fb7ea25eaac9df .av-special-heading-tag{\nfont-size:0.8em;\n}\n}\n<\/style>\n<div  class='av-special-heading av-1ua22y-d14a0489b708ae4506fb7ea25eaac9df av-special-heading-h1 blockquote modern-quote  avia-builder-el-0  el_before_av_one_full  avia-builder-el-first  av-inherit-size'><h1 class='av-special-heading-tag '  itemprop=\"headline\"  >Day trips from the Dordogne by canoe<\/h1><div class=\"special-heading-border\"><div class=\"special-heading-inner-border\"><\/div><\/div><\/div>\n\n<style type=\"text\/css\" data-created_by=\"avia_inline_auto\" id=\"style-css-av-jwroem72-9b36ada18258329433336fc2eb1fdd76\">\n.flex_column.av-jwroem72-9b36ada18258329433336fc2eb1fdd76{\nborder-radius:0px 0px 0px 0px;\npadding:20px 20px 20px 20px;\nbackground-color:#ebebeb;\n}\n<\/style>\n<div  class='flex_column av-jwroem72-9b36ada18258329433336fc2eb1fdd76 av_one_full  avia-builder-el-1  el_after_av_heading  el_before_av_hr  first flex_column_div av-animated-generic pop-up  '     ><p>\n<style type=\"text\/css\" data-created_by=\"avia_inline_auto\" id=\"style-css-av-jwruivx5-69e5eabc2f5df322fbaff397d694c7af\">\n.avia-image-container.av-jwruivx5-69e5eabc2f5df322fbaff397d694c7af img.avia_image{\nbox-shadow:none;\n}\n.avia-image-container.av-jwruivx5-69e5eabc2f5df322fbaff397d694c7af .av-image-caption-overlay-center{\ncolor:#ffffff;\n}\n<\/style>\n<div  class='avia-image-container av-jwruivx5-69e5eabc2f5df322fbaff397d694c7af av-styling- avia-align-center  avia-builder-el-2  el_before_av_icon_box  avia-builder-el-first '   itemprop=\"image\" itemscope=\"itemscope\" itemtype=\"https:\/\/schema.org\/ImageObject\" ><div class=\"avia-image-container-inner\"><div class=\"avia-image-overlay-wrap\"><img decoding=\"async\" fetchpriority=\"high\" class='wp-image-4465 avia-img-lazy-loading-not-4465 avia_image ' src=\"https:\/\/www.perigordaventureloisirs.com\/wp-content\/uploads\/2023\/06\/canoes-offre-2-euros-EN.jpg\" alt='' title='canoes-offre-2-euros-EN'  height=\"555\" width=\"900\"  itemprop=\"thumbnailUrl\" srcset=\"https:\/\/www.perigordaventureloisirs.com\/wp-content\/uploads\/2023\/06\/canoes-offre-2-euros-EN.jpg 900w, https:\/\/www.perigordaventureloisirs.com\/wp-content\/uploads\/2023\/06\/canoes-offre-2-euros-EN-300x185.jpg 300w, https:\/\/www.perigordaventureloisirs.com\/wp-content\/uploads\/2023\/06\/canoes-offre-2-euros-EN-768x474.jpg 768w, https:\/\/www.perigordaventureloisirs.com\/wp-content\/uploads\/2023\/06\/canoes-offre-2-euros-EN-705x435.jpg 705w\" sizes=\"(max-width: 900px) 100vw, 900px\" \/><\/div><\/div><\/div><br \/>\n\n<style type=\"text\/css\" data-created_by=\"avia_inline_auto\" id=\"style-css-av-jwro2l5y-ae3c411d14ec8ee9e14b1ea1970f4b01\">\n.iconbox.av-jwro2l5y-ae3c411d14ec8ee9e14b1ea1970f4b01 .iconbox_icon{\nbackground-color:#e2001a;\nborder:1px solid #e2001a;\ncolor:#ffffff;\n}\n.iconbox.av-jwro2l5y-ae3c411d14ec8ee9e14b1ea1970f4b01 .iconbox_icon.avia-svg-icon svg:first-child{\nfill:#ffffff;\nstroke:#ffffff;\n}\n<\/style>\n<article  class='iconbox iconbox_left_content av-jwro2l5y-ae3c411d14ec8ee9e14b1ea1970f4b01  avia-builder-el-3  el_after_av_image  el_before_av_image '  itemscope=\"itemscope\" itemtype=\"https:\/\/schema.org\/CreativeWork\" ><div class='iconbox_icon heading-color avia-iconfont avia-font-entypo-fontello' data-av_icon='\ue81e' data-av_iconfont='entypo-fontello'  ><\/div><div class=\"iconbox_content\"><header class=\"entry-content-header\" aria-label=\"Icon: Information-Booking:\"><h3 class='iconbox_content_title '  itemprop=\"headline\" >Information-Booking:<\/h3><\/header><div class='iconbox_content_container '  itemprop=\"text\" ><h2><span style=\"color: #e2001a;\"><a href=\"tel:+33553282382\">+33 (0)553 282 382<\/a> or <a href=\"tel:+33683273006\">+33 (0)683 273 006<\/a><\/span><\/h2>\n<\/div><\/div><footer class=\"entry-footer\"><\/footer><\/article><br \/>\n\n<style type=\"text\/css\" data-created_by=\"avia_inline_auto\" id=\"style-css-av-lj2v95tm-1742fc3731bd2bd4ef64988147dd7386\">\n.avia-image-container.av-lj2v95tm-1742fc3731bd2bd4ef64988147dd7386 img.avia_image{\nbox-shadow:none;\n}\n.avia-image-container.av-lj2v95tm-1742fc3731bd2bd4ef64988147dd7386 .av-image-caption-overlay-center{\ncolor:#ffffff;\n}\n<\/style>\n<div  class='avia-image-container av-lj2v95tm-1742fc3731bd2bd4ef64988147dd7386 av-styling- avia-align-center  avia-builder-el-4  el_after_av_icon_box  el_before_av_textblock '   itemprop=\"image\" itemscope=\"itemscope\" itemtype=\"https:\/\/schema.org\/ImageObject\" ><div class=\"avia-image-container-inner\"><div class=\"avia-image-overlay-wrap\"><img decoding=\"async\" fetchpriority=\"high\" class='wp-image-4411 avia-img-lazy-loading-not-4411 avia_image ' src=\"https:\/\/www.perigordaventureloisirs.com\/wp-content\/uploads\/2023\/06\/Plan-parcours-2023.jpg\" alt='' title='Plan-parcours-2023'  height=\"302\" width=\"694\"  itemprop=\"thumbnailUrl\" srcset=\"https:\/\/www.perigordaventureloisirs.com\/wp-content\/uploads\/2023\/06\/Plan-parcours-2023.jpg 694w, https:\/\/www.perigordaventureloisirs.com\/wp-content\/uploads\/2023\/06\/Plan-parcours-2023-300x131.jpg 300w\" sizes=\"(max-width: 694px) 100vw, 694px\" \/><\/div><\/div><\/div><br \/>\n<section  class='av_textblock_section av-jww3bgun-82a7b70d6ec9bbee3049d294ebfb09df '   itemscope=\"itemscope\" itemtype=\"https:\/\/schema.org\/CreativeWork\" ><div class='avia_textblock'  itemprop=\"text\" ><h3 class=\"av-special-heading-tag \"><span style=\"color: #000000;\">Prices and details of our routes: click to open or close\u2026<\/span><\/h3>\n<\/div><\/section><br \/>\n<div  class='togglecontainer av-1qouta5-a40b2be3efbbdfcb472443cd8ea0777e av-elegant-toggle  avia-builder-el-6  el_after_av_textblock  avia-builder-el-last  toggle_close_all' >\n<section class='av_toggle_section av-9aszca-2ee22a4512febd27b7d7c2ad8d4a077a'  itemscope=\"itemscope\" itemtype=\"https:\/\/schema.org\/CreativeWork\" ><div role=\"tablist\" class=\"single_toggle\" data-tags=\"{All} \"  ><p id='toggle-toggle-id-1' data-fake-id='#toggle-id-1' class='toggler  av-title-above '  itemprop=\"headline\"  role='tab' tabindex='0' aria-controls='toggle-id-1' data-slide-speed=\"200\" data-title=\"&lt;strong&gt;VITRAC - BEYNAC&lt;\/strong&gt;: 15km about 2.30 hours of navigation + stops\" data-title-open=\"\" data-aria_collapsed=\"Click to expand: &lt;strong&gt;VITRAC - BEYNAC&lt;\/strong&gt;: 15km about 2.30 hours of navigation + stops\" data-aria_expanded=\"Click to collapse: &lt;strong&gt;VITRAC - BEYNAC&lt;\/strong&gt;: 15km about 2.30 hours of navigation + stops\"><strong>VITRAC - BEYNAC<\/strong>: 15km about 2.30 hours of navigation + stops<span class=\"toggle_icon\"><span class=\"vert_icon\"><\/span><span class=\"hor_icon\"><\/span><\/span><\/p><div id='toggle-id-1' aria-labelledby='toggle-toggle-id-1' role='region' class='toggle_wrap  av-title-above'  ><div class='toggle_content invers-color '  itemprop=\"text\" ><p><strong><span style=\"color: #ff0000;\">RENTAL PRICES:<\/span><br \/>\n<\/strong><strong>Canoe<\/strong> (2 or 3 person): \u20ac24 per person<strong><br \/>\nChild from 5 to 12 years old<\/strong>, seated in the middle of the canoe: \u20ac14<strong><br \/>\n4-seater canoe<\/strong> (2 adults + 2 children from 5 to 10, special family price): \u20ac68, no discounts available.<strong><br \/>\nKayak <\/strong>(1 person): \u20ac30 per person.<br \/>\n<strong>Waterproof container<\/strong> : \u20ac3<\/p>\n<h4>Canoe tour circuit through villages and ch\u00e2teaux, the Pendoilles cliffs, La Roque Gageac, Ch\u00e2teaux de la Malartrie, de Castelnaud and de Fayrac. Ends in the centre of the village of Beynac.<\/h4>\n<p><strong>&gt; Vitrac car park <\/strong><a href=\"https:\/\/goo.gl\/maps\/uPeXBcscKNJHgMfy6\" target=\"_blank\" rel=\"noopener noreferrer\">(Access map to Vitrac&#8230;)<\/a><br \/>\nShady private parking. Toilets, snack bar, snack on site.<br \/>\nRental from 09:00 to 16:00 (according to period)<br \/>\nBuses back every hour from 13:00 to 19:00 (according to period)<\/p>\n<p><strong>&gt; Beynac* car park<\/strong> <a href=\"https:\/\/goo.gl\/maps\/E2TcWcypmD7vzhpZ8\" target=\"_blank\" rel=\"noopener noreferrer\">(Access map to Beynac&#8230;)<\/a><br \/>\nBuses leave at: 09:00 \/ 10:00 \/ 11:00 \/ 12:00 \/ 13:00 \/ 14:00 \/ 15:00<br \/>\nPlease sign in at the office 30 minutes prior to departure. It is located between the Balme car park and the Maleville restaurant, at the bottom of the staircase.<br \/>\n<em>*La Balme, Les Escarssols, Le Crouzet N\u00b01, Place d\u2019Alsace car parks<br \/>\nPay-to-use parking from 08:00 to 19:00.<br \/>\nCar park prices: 2 hours = \u20ac3.00, 4 hours = \u20ac4.00, 6 hours = \u20ac5.00, 8 hours = \u20ac6.00, 11 hours = \u20ac25.00<br \/>\nOne free car park is available: Le Crouzet N\u00b02<br \/>\n(Car parking tickets are valid for all of the car parks in Beynac)<\/em><\/p>\n<p><div  class='avia-button-wrap av-fhpty5-b123bf1ace80e26f0dd4c5e761252a02-wrap avia-button-  avia-builder-el-7  el_before_av_button  avia-builder-el-first '>\n<style type=\"text\/css\" data-created_by=\"avia_inline_auto\" id=\"style-css-av-fhpty5-b123bf1ace80e26f0dd4c5e761252a02\">\n#top #wrap_all .avia-button.av-fhpty5-b123bf1ace80e26f0dd4c5e761252a02{\nbackground-color:#009037;;\nborder-color:#009037;;\ncolor:#ffffff;\ntransition:all 0.4s ease-in-out;\n}\n#top #wrap_all .avia-button.av-fhpty5-b123bf1ace80e26f0dd4c5e761252a02 .avia-svg-icon svg:first-child{\nfill:#ffffff;\nstroke:#ffffff;\n}\n<\/style>\n<a href='https:\/\/www.perigordaventureloisirs.com\/en\/general-questions-renting-canoe-dordogne\/'  class='avia-button av-fhpty5-b123bf1ace80e26f0dd4c5e761252a02 av-link-btn avia-icon_select-yes-left-icon avia-size-small avia-position-'   aria-label=\"Pratical info\"><span class='avia_button_icon avia_button_icon_left avia-iconfont avia-font-entypo-fontello' data-av_icon='\ue832' data-av_iconfont='entypo-fontello' ><\/span><span class='avia_iconbox_title' >Pratical info<\/span><\/a><\/div> <div  class='avia-button-wrap av-fhpty5-10-253044b05d2d965f6db0968433f65ce4-wrap avia-button-  avia-builder-el-8  el_after_av_button  el_before_av_button '>\n<style type=\"text\/css\" data-created_by=\"avia_inline_auto\" id=\"style-css-av-fhpty5-10-253044b05d2d965f6db0968433f65ce4\">\n#top #wrap_all .avia-button.av-fhpty5-10-253044b05d2d965f6db0968433f65ce4{\nbackground-color:#e2001a;\nborder-color:#e2001a;\ncolor:#ffffff;\ntransition:all 0.4s ease-in-out;\n}\n#top #wrap_all .avia-button.av-fhpty5-10-253044b05d2d965f6db0968433f65ce4 .avia-svg-icon svg:first-child{\nfill:#ffffff;\nstroke:#ffffff;\n}\n<\/style>\n<a href='https:\/\/reservations.perigordaventureloisirs.com\/activite\/canoe-vitrac-beynac'  class='avia-button av-fhpty5-10-253044b05d2d965f6db0968433f65ce4 av-link-btn avia-icon_select-yes-left-icon avia-size-small avia-position-'  target=\"_blank\"  rel=\"noopener noreferrer\"  aria-label=\"Booking\"><span class='avia_button_icon avia_button_icon_left avia-iconfont avia-font-entypo-fontello' data-av_icon='\ue832' data-av_iconfont='entypo-fontello' ><\/span><span class='avia_iconbox_title' >Booking<\/span><\/a><\/div><\/p>\n<\/div><\/div><\/div><\/section>\n<section class='av_toggle_section av-7s269m-d6513c9f48baa5c0fc8455629e7e9c92'  itemscope=\"itemscope\" itemtype=\"https:\/\/schema.org\/CreativeWork\" ><div role=\"tablist\" class=\"single_toggle\" data-tags=\"{All} \"  ><p id='toggle-toggle-id-2' data-fake-id='#toggle-id-2' class='toggler  av-title-above '  itemprop=\"headline\"  role='tab' tabindex='0' aria-controls='toggle-id-2' data-slide-speed=\"200\" data-title=\"&lt;strong&gt;CARSAC - BEYNAC&lt;\/strong&gt;: 22km about 3.30 hours of navigation + stops\" data-title-open=\"\" data-aria_collapsed=\"Click to expand: &lt;strong&gt;CARSAC - BEYNAC&lt;\/strong&gt;: 22km about 3.30 hours of navigation + stops\" data-aria_expanded=\"Click to collapse: &lt;strong&gt;CARSAC - BEYNAC&lt;\/strong&gt;: 22km about 3.30 hours of navigation + stops\"><strong>CARSAC - BEYNAC<\/strong>: 22km about 3.30 hours of navigation + stops<span class=\"toggle_icon\"><span class=\"vert_icon\"><\/span><span class=\"hor_icon\"><\/span><\/span><\/p><div id='toggle-id-2' aria-labelledby='toggle-toggle-id-2' role='region' class='toggle_wrap  av-title-above'  ><div class='toggle_content invers-color '  itemprop=\"text\" ><p><strong><span style=\"color: #ff0000;\">RENTAL PRICES:<\/span><br \/>\n<\/strong><strong>Canoe<\/strong> (2 or 3 person): \u20ac30 per person<strong><br \/>\nChild from 5 to 12 years old<\/strong>, seated in the middle of the canoe: \u20ac20<strong><br \/>\n4-seater canoe<\/strong> (2 adults + 2 children from 5 to 10, special family price): \u20ac80, no discounts available.<strong><br \/>\nKayak<\/strong> (1 person): \u20ac35 per person.<br \/>\n<strong>Waterproof container<\/strong> : \u20ac3<\/p>\n<h4>A canoe tour circuit takes you through villages and ch\u00e2teaux, to the Montfort meander, Noyeraie de Turnac, the Ch\u00e2teau de Montfort, the cliffs of Vitrac, the cliffs of Pendoilles, La Roque Gageac, the Ch\u00e2teaux de la Malartrie, de Castelnaud and de Faryrac. Ends in the centre of the village of Beynac.<\/h4>\n<p><em>Arrive 15 minutes before departure.<\/em><\/p>\n<p><strong>&gt; Vitrac car park <\/strong> <a href=\"https:\/\/goo.gl\/maps\/uPeXBcscKNJHgMfy6\/\" target=\"_blank\" rel=\"noopener noreferrer\">(Access map to Vitrac&#8230;)<\/a><br \/>\nShady private parking. Toilets, snack bar on site.<br \/>\nRental from 09:30 \/10:30\/11:30\/ 13:30 (according to period)<br \/>\nBuses back every hour from 13:00 to 19:00 (according to period)<\/p>\n<p><strong>&gt; Beynac* car park<\/strong> <a href=\"https:\/\/goo.gl\/maps\/E2TcWcypmD7vzhpZ8\" target=\"_blank\" rel=\"noopener noreferrer\">(Access map to Beynac&#8230;)<\/a><br \/>\nBuses leave at: 09:00 \/ 10:00 \/ 11:30 \/Please sign in at the office 30 minutes prior to departure. It is located between the Balme car park and the Maleville restaurant, at the bottom of the staircase.<br \/>\n<em>*La Balme, Les Escarssols, Le Crouzet N\u00b01, Place d\u2019Alsace car parks<br \/>\nPay-to-use parking from 08:00 to 19:00.<br \/>\nCar park prices: 2 hours = \u20ac3.00, 4 hours = \u20ac4.00, 6 hours = \u20ac5.00, 8 hours = \u20ac6.00, 11 hours = \u20ac25.00<br \/>\nOne free car park is available: Le Crouzet N\u00b02<br \/>\n(Car parking tickets are valid for all of the car parks in Beynac)<\/em><\/p>\n<p><div  class='avia-button-wrap av-fhpty5-9-376d723385eae5fb15ef70a40ea1e6c7-wrap avia-button-  avia-builder-el-9  el_after_av_button  el_before_av_button '>\n<style type=\"text\/css\" data-created_by=\"avia_inline_auto\" id=\"style-css-av-fhpty5-9-376d723385eae5fb15ef70a40ea1e6c7\">\n#top #wrap_all .avia-button.av-fhpty5-9-376d723385eae5fb15ef70a40ea1e6c7{\nbackground-color:#009037;;\nborder-color:#009037;;\ncolor:#ffffff;\ntransition:all 0.4s ease-in-out;\n}\n#top #wrap_all .avia-button.av-fhpty5-9-376d723385eae5fb15ef70a40ea1e6c7 .avia-svg-icon svg:first-child{\nfill:#ffffff;\nstroke:#ffffff;\n}\n<\/style>\n<a href='https:\/\/www.perigordaventureloisirs.com\/en\/general-questions-renting-canoe-dordogne\/'  class='avia-button av-fhpty5-9-376d723385eae5fb15ef70a40ea1e6c7 av-link-btn avia-icon_select-yes-left-icon avia-size-small avia-position-'   aria-label=\"Pratical info\"><span class='avia_button_icon avia_button_icon_left avia-iconfont avia-font-entypo-fontello' data-av_icon='\ue832' data-av_iconfont='entypo-fontello' ><\/span><span class='avia_iconbox_title' >Pratical info<\/span><\/a><\/div> <div  class='avia-button-wrap av-fhpty5-8-3c6edbe585ec1d42f52e12eeff0334ed-wrap avia-button-  avia-builder-el-10  el_after_av_button  el_before_av_button '>\n<style type=\"text\/css\" data-created_by=\"avia_inline_auto\" id=\"style-css-av-fhpty5-8-3c6edbe585ec1d42f52e12eeff0334ed\">\n#top #wrap_all .avia-button.av-fhpty5-8-3c6edbe585ec1d42f52e12eeff0334ed{\nbackground-color:#e2001a;\nborder-color:#e2001a;\ncolor:#ffffff;\ntransition:all 0.4s ease-in-out;\n}\n#top #wrap_all .avia-button.av-fhpty5-8-3c6edbe585ec1d42f52e12eeff0334ed .avia-svg-icon svg:first-child{\nfill:#ffffff;\nstroke:#ffffff;\n}\n<\/style>\n<a href='https:\/\/reservations.perigordaventureloisirs.com\/activite\/canoe-carsac-beynac'  class='avia-button av-fhpty5-8-3c6edbe585ec1d42f52e12eeff0334ed av-link-btn avia-icon_select-yes-left-icon avia-size-small avia-position-'  target=\"_blank\"  rel=\"noopener noreferrer\"  aria-label=\"Booking\"><span class='avia_button_icon avia_button_icon_left avia-iconfont avia-font-entypo-fontello' data-av_icon='\ue832' data-av_iconfont='entypo-fontello' ><\/span><span class='avia_iconbox_title' >Booking<\/span><\/a><\/div><\/p>\n<\/div><\/div><\/div><\/section>\n<section class='av_toggle_section av-6lqway-c5b61bed0e9cb5252f492aec783ddb79'  itemscope=\"itemscope\" itemtype=\"https:\/\/schema.org\/CreativeWork\" ><div role=\"tablist\" class=\"single_toggle\" data-tags=\"{All} \"  ><p id='toggle-toggle-id-3' data-fake-id='#toggle-id-3' class='toggler  av-title-above '  itemprop=\"headline\"  role='tab' tabindex='0' aria-controls='toggle-id-3' data-slide-speed=\"200\" data-title=\"&lt;strong&gt;CARSAC - VITRAC&lt;\/strong&gt;: 7km about 1 hour of navigation + stops\" data-title-open=\"\" data-aria_collapsed=\"Click to expand: &lt;strong&gt;CARSAC - VITRAC&lt;\/strong&gt;: 7km about 1 hour of navigation + stops\" data-aria_expanded=\"Click to collapse: &lt;strong&gt;CARSAC - VITRAC&lt;\/strong&gt;: 7km about 1 hour of navigation + stops\"><strong>CARSAC - VITRAC<\/strong>: 7km about 1 hour of navigation + stops<span class=\"toggle_icon\"><span class=\"vert_icon\"><\/span><span class=\"hor_icon\"><\/span><\/span><\/p><div id='toggle-id-3' aria-labelledby='toggle-toggle-id-3' role='region' class='toggle_wrap  av-title-above'  ><div class='toggle_content invers-color '  itemprop=\"text\" ><p><strong><span style=\"color: #ff0000;\">RENTAL PRICES:<\/span><br \/>\nCanoe<\/strong> (2 or 3 person): \u20ac20 per person<strong><br \/>\nChild from 5 to 12 years old<\/strong>, seated in the middle of the canoe: \u20ac10<strong><br \/>\nKayak<\/strong> (1 person): \u20ac22 per person.<strong><br \/>\nWaterproof container<\/strong>: \u20ac3<\/p>\n<h4>Along the canoe circuit: the Montfort meander, Noyeraie de Turnac, the Ch\u00e2teau de Montfort and the cliffs of Vitrac.<\/h4>\n<p><em>Arrive 15 minutes before departure.<\/em><\/p>\n<p><strong>&gt; Vitrac car park<\/strong> <a href=\"https:\/\/goo.gl\/maps\/uPeXBcscKNJHgMfy6\/\" target=\"_blank\" rel=\"noopener noreferrer\">(Access map to Vitrac&#8230;)<\/a><br \/>\nShady private parking. Toilets, snack bar on site.<br \/>\nRental from 09:30 \/10:30 \/ 11:30 \/13:30<br \/>\nFor afternoon departures: inquire.<\/p>\n<p><div  class='avia-button-wrap av-fhpty5-7-7d85518070c388b8c9ded893eda7e456-wrap avia-button-  avia-builder-el-11  el_after_av_button  el_before_av_button '>\n<style type=\"text\/css\" data-created_by=\"avia_inline_auto\" id=\"style-css-av-fhpty5-7-7d85518070c388b8c9ded893eda7e456\">\n#top #wrap_all .avia-button.av-fhpty5-7-7d85518070c388b8c9ded893eda7e456{\nbackground-color:#009037;;\nborder-color:#009037;;\ncolor:#ffffff;\ntransition:all 0.4s ease-in-out;\n}\n#top #wrap_all .avia-button.av-fhpty5-7-7d85518070c388b8c9ded893eda7e456 .avia-svg-icon svg:first-child{\nfill:#ffffff;\nstroke:#ffffff;\n}\n<\/style>\n<a href='https:\/\/www.perigordaventureloisirs.com\/en\/general-questions-renting-canoe-dordogne\/'  class='avia-button av-fhpty5-7-7d85518070c388b8c9ded893eda7e456 av-link-btn avia-icon_select-yes-left-icon avia-size-small avia-position-'   aria-label=\"Pratical info\"><span class='avia_button_icon avia_button_icon_left avia-iconfont avia-font-entypo-fontello' data-av_icon='\ue832' data-av_iconfont='entypo-fontello' ><\/span><span class='avia_iconbox_title' >Pratical info<\/span><\/a><\/div> <div  class='avia-button-wrap av-fhpty5-6-d992011ce818078eb37f8306b3f7ded0-wrap avia-button-  avia-builder-el-12  el_after_av_button  el_before_av_button '>\n<style type=\"text\/css\" data-created_by=\"avia_inline_auto\" id=\"style-css-av-fhpty5-6-d992011ce818078eb37f8306b3f7ded0\">\n#top #wrap_all .avia-button.av-fhpty5-6-d992011ce818078eb37f8306b3f7ded0{\nbackground-color:#e2001a;\nborder-color:#e2001a;\ncolor:#ffffff;\ntransition:all 0.4s ease-in-out;\n}\n#top #wrap_all .avia-button.av-fhpty5-6-d992011ce818078eb37f8306b3f7ded0 .avia-svg-icon svg:first-child{\nfill:#ffffff;\nstroke:#ffffff;\n}\n<\/style>\n<a href='https:\/\/reservations.perigordaventureloisirs.com\/activite\/canoe-carsac-vitrac'  class='avia-button av-fhpty5-6-d992011ce818078eb37f8306b3f7ded0 av-link-btn avia-icon_select-yes-left-icon avia-size-small avia-position-'  target=\"_blank\"  rel=\"noopener noreferrer\"  aria-label=\"Booking\"><span class='avia_button_icon avia_button_icon_left avia-iconfont avia-font-entypo-fontello' data-av_icon='\ue832' data-av_iconfont='entypo-fontello' ><\/span><span class='avia_iconbox_title' >Booking<\/span><\/a><\/div><\/p>\n<\/div><\/div><\/div><\/section>\n<section class='av_toggle_section av-441ave-54fdf9b48889119b0c5f2c0b737a9107'  itemscope=\"itemscope\" itemtype=\"https:\/\/schema.org\/CreativeWork\" ><div role=\"tablist\" class=\"single_toggle\" data-tags=\"{All} \"  ><p id='toggle-toggle-id-4' data-fake-id='#toggle-id-4' class='toggler  av-title-above '  itemprop=\"headline\"  role='tab' tabindex='0' aria-controls='toggle-id-4' data-slide-speed=\"200\" data-title=\"&lt;strong&gt;SAINT-JULIEN DE LAMPON - VITRAC&lt;\/strong&gt;: 17km around 3 hours of navigation + stops\" data-title-open=\"\" data-aria_collapsed=\"Click to expand: &lt;strong&gt;SAINT-JULIEN DE LAMPON - VITRAC&lt;\/strong&gt;: 17km around 3 hours of navigation + stops\" data-aria_expanded=\"Click to collapse: &lt;strong&gt;SAINT-JULIEN DE LAMPON - VITRAC&lt;\/strong&gt;: 17km around 3 hours of navigation + stops\"><strong>SAINT-JULIEN DE LAMPON - VITRAC<\/strong>: 17km around 3 hours of navigation + stops<span class=\"toggle_icon\"><span class=\"vert_icon\"><\/span><span class=\"hor_icon\"><\/span><\/span><\/p><div id='toggle-id-4' aria-labelledby='toggle-toggle-id-4' role='region' class='toggle_wrap  av-title-above'  ><div class='toggle_content invers-color '  itemprop=\"text\" ><p><strong><span style=\"color: #ff0000;\">RENTAL PRICES:<\/span><br \/>\n<\/strong><strong>Canoe<\/strong> (2 or 3 person): \u20ac30 per person<strong><br \/>\nChild from 5 to 12 years old<\/strong>, seated in the middle of the canoe: \u20ac20<strong><br \/>\nKayak<\/strong> (1 person): \u20ac32 per person.<strong><br \/>\nWaterproof container<\/strong>: \u20ac3<\/p>\n<h4>Explore the wild side of the valley from your canoe, with the Montfort meander, Noyeraie de Turnac, the Ch\u00e2teau de Montfort and the cliffs of Vitrac.<\/h4>\n<p><em>Arrive 15 minutes before departure.<\/em><\/p>\n<p><strong>&gt; Vitrac car park<\/strong> <a href=\"https:\/\/goo.gl\/maps\/uPeXBcscKNJHgMfy6\/\" target=\"_blank\" rel=\"noopener noreferrer\">(Access map to Vitrac&#8230;)<\/a><br \/>\nShady private parking. Toilets, snack bar on site.<br \/>\nBuses leave at: 9:30 \/ 10:30 (other departures inquire)<\/p>\n<p><div  class='avia-button-wrap av-fhpty5-5-dd652441fcedd8de25cec93ac9b89340-wrap avia-button-  avia-builder-el-13  el_after_av_button  el_before_av_button '>\n<style type=\"text\/css\" data-created_by=\"avia_inline_auto\" id=\"style-css-av-fhpty5-5-dd652441fcedd8de25cec93ac9b89340\">\n#top #wrap_all .avia-button.av-fhpty5-5-dd652441fcedd8de25cec93ac9b89340{\nbackground-color:#009037;;\nborder-color:#009037;;\ncolor:#ffffff;\ntransition:all 0.4s ease-in-out;\n}\n#top #wrap_all .avia-button.av-fhpty5-5-dd652441fcedd8de25cec93ac9b89340 .avia-svg-icon svg:first-child{\nfill:#ffffff;\nstroke:#ffffff;\n}\n<\/style>\n<a href='https:\/\/www.perigordaventureloisirs.com\/en\/general-questions-renting-canoe-dordogne\/'  class='avia-button av-fhpty5-5-dd652441fcedd8de25cec93ac9b89340 av-link-btn avia-icon_select-yes-left-icon avia-size-small avia-position-'   aria-label=\"Pratical info\"><span class='avia_button_icon avia_button_icon_left avia-iconfont avia-font-entypo-fontello' data-av_icon='\ue832' data-av_iconfont='entypo-fontello' ><\/span><span class='avia_iconbox_title' >Pratical info<\/span><\/a><\/div> <div  class='avia-button-wrap av-fhpty5-4-d43734678461d9afdb2993ddf12f9fa6-wrap avia-button-  avia-builder-el-14  el_after_av_button  el_before_av_button '>\n<style type=\"text\/css\" data-created_by=\"avia_inline_auto\" id=\"style-css-av-fhpty5-4-d43734678461d9afdb2993ddf12f9fa6\">\n#top #wrap_all .avia-button.av-fhpty5-4-d43734678461d9afdb2993ddf12f9fa6{\nbackground-color:#e2001a;\nborder-color:#e2001a;\ncolor:#ffffff;\ntransition:all 0.4s ease-in-out;\n}\n#top #wrap_all .avia-button.av-fhpty5-4-d43734678461d9afdb2993ddf12f9fa6 .avia-svg-icon svg:first-child{\nfill:#ffffff;\nstroke:#ffffff;\n}\n<\/style>\n<a href='https:\/\/reservations.perigordaventureloisirs.com\/activite\/canoe-st-julien-vitrac'  class='avia-button av-fhpty5-4-d43734678461d9afdb2993ddf12f9fa6 av-link-btn avia-icon_select-yes-left-icon avia-size-small avia-position-'  target=\"_blank\"  rel=\"noopener noreferrer\"  aria-label=\"Booking\"><span class='avia_button_icon avia_button_icon_left avia-iconfont avia-font-entypo-fontello' data-av_icon='\ue832' data-av_iconfont='entypo-fontello' ><\/span><span class='avia_iconbox_title' >Booking<\/span><\/a><\/div><\/p>\n<\/div><\/div><\/div><\/section>\n<section class='av_toggle_section av-2irtwq-eaddf44e56b5fee8e975889ac2f48c76'  itemscope=\"itemscope\" itemtype=\"https:\/\/schema.org\/CreativeWork\" ><div role=\"tablist\" class=\"single_toggle\" data-tags=\"{All} \"  ><p id='toggle-toggle-id-5' data-fake-id='#toggle-id-5' class='toggler  av-title-above '  itemprop=\"headline\"  role='tab' tabindex='0' aria-controls='toggle-id-5' data-slide-speed=\"200\" data-title=\"&lt;strong&gt;SAINT-JULIEN DE LAMPON - BEYNAC&lt;\/strong&gt;: 32km around 5 hours of navigation + stops\" data-title-open=\"\" data-aria_collapsed=\"Click to expand: &lt;strong&gt;SAINT-JULIEN DE LAMPON - BEYNAC&lt;\/strong&gt;: 32km around 5 hours of navigation + stops\" data-aria_expanded=\"Click to collapse: &lt;strong&gt;SAINT-JULIEN DE LAMPON - BEYNAC&lt;\/strong&gt;: 32km around 5 hours of navigation + stops\"><strong>SAINT-JULIEN DE LAMPON - BEYNAC<\/strong>: 32km around 5 hours of navigation + stops<span class=\"toggle_icon\"><span class=\"vert_icon\"><\/span><span class=\"hor_icon\"><\/span><\/span><\/p><div id='toggle-id-5' aria-labelledby='toggle-toggle-id-5' role='region' class='toggle_wrap  av-title-above'  ><div class='toggle_content invers-color '  itemprop=\"text\" ><p><strong><span style=\"color: #ff0000;\">RENTAL PRICES:<\/span><br \/>\nCanoe<\/strong> (2 or 3 person): \u20ac36 per person<strong><br \/>\nChild from 5 to 12 years old<\/strong>, seated in the middle of the canoe: \u20ac26<strong><br \/>\nKayak<\/strong> (1 person): \u20ac38 per person.<br \/>\n<strong>Waterproof container<\/strong>: \u20ac3<\/p>\n<h4>Explore the wild side of the valley from your canoe, with the Montfort meander, Noyeraie de Turnac, the Ch\u00e2teau de Montfort and the cliffs of Vitrac, the cliffs of Pendoilles, La Roque Gageac, the Ch\u00e2teaux de la Malartrie, de Castelnaud and de Faryrac. Ends in the centre of the village of Beynac.<\/h4>\n<p><em>Arrive 15 minutes before departure.<\/em><\/p>\n<p><strong>&gt; Vitrac car park<\/strong> <a href=\"https:\/\/goo.gl\/maps\/uPeXBcscKNJHgMfy6\/\" target=\"_blank\" rel=\"noopener noreferrer\">(Access map to Vitrac&#8230;)<\/a><br \/>\nShady private parking. Toilets, snack bar on site.<br \/>\nBuses leave at: 09:30 \/ 10:30<br \/>\nBuses back from 13:00 to 19:00.<\/p>\n<p><strong>&gt; Beynac* car park<\/strong> <a href=\"https:\/\/goo.gl\/maps\/E2TcWcypmD7vzhpZ8\" target=\"_blank\" rel=\"noopener noreferrer\">(Access map to Beynac&#8230;)<\/a><br \/>\nBuses leave at: 09:00 Please sign in at the office 30 minutes prior to departure. It is located between the Balme car park and the Maleville restaurant, at the bottom of the staircase.<br \/>\n<em>*La Balme, Les Escarssols, Le Crouzet N\u00b01, Place d\u2019Alsace car parks<br \/>\nPay-to-use parking from 08:00 to 19:00.<br \/>\nCar park prices: 2 hours = \u20ac3.00, 4 hours = \u20ac4.00, 6 hours = \u20ac5.00, 8 hours = \u20ac6.00, 11 hours = \u20ac25.00<br \/>\nOne free car park is available: Le Crouzet N\u00b02<br \/>\n(Car parking tickets are valid for all of the car parks in Beynac)<\/em><\/p>\n<p><div  class='avia-button-wrap av-fhpty5-3-c8e0aa6739cce9afe03c371918345700-wrap avia-button-  avia-builder-el-15  el_after_av_button  el_before_av_button '>\n<style type=\"text\/css\" data-created_by=\"avia_inline_auto\" id=\"style-css-av-fhpty5-3-c8e0aa6739cce9afe03c371918345700\">\n#top #wrap_all .avia-button.av-fhpty5-3-c8e0aa6739cce9afe03c371918345700{\nbackground-color:#009037;;\nborder-color:#009037;;\ncolor:#ffffff;\ntransition:all 0.4s ease-in-out;\n}\n#top #wrap_all .avia-button.av-fhpty5-3-c8e0aa6739cce9afe03c371918345700 .avia-svg-icon svg:first-child{\nfill:#ffffff;\nstroke:#ffffff;\n}\n<\/style>\n<a href='https:\/\/www.perigordaventureloisirs.com\/en\/general-questions-renting-canoe-dordogne\/'  class='avia-button av-fhpty5-3-c8e0aa6739cce9afe03c371918345700 av-link-btn avia-icon_select-yes-left-icon avia-size-small avia-position-'   aria-label=\"Pratical info\"><span class='avia_button_icon avia_button_icon_left avia-iconfont avia-font-entypo-fontello' data-av_icon='\ue832' data-av_iconfont='entypo-fontello' ><\/span><span class='avia_iconbox_title' >Pratical info<\/span><\/a><\/div> <div  class='avia-button-wrap av-fhpty5-2-27767577e67ba506e73be35f4f32ab82-wrap avia-button-  avia-builder-el-16  el_after_av_button  el_before_av_button '>\n<style type=\"text\/css\" data-created_by=\"avia_inline_auto\" id=\"style-css-av-fhpty5-2-27767577e67ba506e73be35f4f32ab82\">\n#top #wrap_all .avia-button.av-fhpty5-2-27767577e67ba506e73be35f4f32ab82{\nbackground-color:#e2001a;\nborder-color:#e2001a;\ncolor:#ffffff;\ntransition:all 0.4s ease-in-out;\n}\n#top #wrap_all .avia-button.av-fhpty5-2-27767577e67ba506e73be35f4f32ab82 .avia-svg-icon svg:first-child{\nfill:#ffffff;\nstroke:#ffffff;\n}\n<\/style>\n<a href='https:\/\/reservations.perigordaventureloisirs.com\/activite\/canoe-st-julien-beynac'  class='avia-button av-fhpty5-2-27767577e67ba506e73be35f4f32ab82 av-link-btn avia-icon_select-yes-left-icon avia-size-small avia-position-'  target=\"_blank\"  rel=\"noopener noreferrer\"  aria-label=\"Booking\"><span class='avia_button_icon avia_button_icon_left avia-iconfont avia-font-entypo-fontello' data-av_icon='\ue832' data-av_iconfont='entypo-fontello' ><\/span><span class='avia_iconbox_title' >Booking<\/span><\/a><\/div><\/p>\n<\/div><\/div><\/div><\/section>\n<section class='av_toggle_section av-6lqway-6-abb83a5e22015dfc002baef3fa4bb638'  itemscope=\"itemscope\" itemtype=\"https:\/\/schema.org\/CreativeWork\" ><div role=\"tablist\" class=\"single_toggle\" data-tags=\"{All} \"  ><p id='toggle-toggle-id-6' data-fake-id='#toggle-id-6' class='toggler  av-title-above '  itemprop=\"headline\"  role='tab' tabindex='0' aria-controls='toggle-id-6' data-slide-speed=\"200\" data-title=\"&lt;strong&gt;VITRAC to LA MALARTRIE&lt;\/strong&gt;: 7km about 1.15 hour of navigation + stops\" data-title-open=\"\" data-aria_collapsed=\"Click to expand: &lt;strong&gt;VITRAC to LA MALARTRIE&lt;\/strong&gt;: 7km about 1.15 hour of navigation + stops\" data-aria_expanded=\"Click to collapse: &lt;strong&gt;VITRAC to LA MALARTRIE&lt;\/strong&gt;: 7km about 1.15 hour of navigation + stops\"><strong>VITRAC to LA MALARTRIE<\/strong>: 7km about 1.15 hour of navigation + stops<span class=\"toggle_icon\"><span class=\"vert_icon\"><\/span><span class=\"hor_icon\"><\/span><\/span><\/p><div id='toggle-id-6' aria-labelledby='toggle-toggle-id-6' role='region' class='toggle_wrap  av-title-above'  ><div class='toggle_content invers-color '  itemprop=\"text\" ><p><strong><span style=\"color: #ff0000;\">RENTAL PRICES:<\/span><br \/>\nCanoe<\/strong> (2 or 3 person): \u20ac20 per person<strong><br \/>\nChild from 5 to 12 years old<\/strong>, seated in the middle of the canoe: \u20ac10<strong><br \/>\nKayak<\/strong> (1 person): \u20ac22 per person.<br \/>\n<strong>Waterproof container<\/strong>: \u20ac3<\/p>\n<h4>Along the canoe circuit: discovery of the river and arrival at La Roque-Gageac, one of the most beautiful villages in France.<\/h4>\n<p><strong>&gt; Vitrac car park<\/strong> <a href=\"https:\/\/goo.gl\/maps\/uPeXBcscKNJHgMfy6\/\" target=\"_blank\" rel=\"noopener noreferrer\">(Access map to Vitrac&#8230;)<\/a><br \/>\nShady private parking. Toilets, snack bar on site.<br \/>\nContinuous departure from 9:30 to 17:00.<br \/>\nReturn by bus every hour from 11:00 to 19:00.<\/p>\n<p><div  class='avia-button-wrap av-fhpty5-7-5-a39f7362bdd97134228abd11ca2bf5da-wrap avia-button-  avia-builder-el-17  el_after_av_button  el_before_av_button '>\n<style type=\"text\/css\" data-created_by=\"avia_inline_auto\" id=\"style-css-av-fhpty5-7-5-a39f7362bdd97134228abd11ca2bf5da\">\n#top #wrap_all .avia-button.av-fhpty5-7-5-a39f7362bdd97134228abd11ca2bf5da{\nbackground-color:#009037;;\nborder-color:#009037;;\ncolor:#ffffff;\ntransition:all 0.4s ease-in-out;\n}\n#top #wrap_all .avia-button.av-fhpty5-7-5-a39f7362bdd97134228abd11ca2bf5da .avia-svg-icon svg:first-child{\nfill:#ffffff;\nstroke:#ffffff;\n}\n<\/style>\n<a href='https:\/\/www.perigordaventureloisirs.com\/en\/general-questions-renting-canoe-dordogne\/'  class='avia-button av-fhpty5-7-5-a39f7362bdd97134228abd11ca2bf5da av-link-btn avia-icon_select-yes-left-icon avia-size-small avia-position-'   aria-label=\"Pratical info\"><span class='avia_button_icon avia_button_icon_left avia-iconfont avia-font-entypo-fontello' data-av_icon='\ue832' data-av_iconfont='entypo-fontello' ><\/span><span class='avia_iconbox_title' >Pratical info<\/span><\/a><\/div> <div  class='avia-button-wrap av-fhpty5-6-4-c9382c98ed2d8a770915fa5a7ca42c91-wrap avia-button-  avia-builder-el-18  el_after_av_button  el_before_av_button '>\n<style type=\"text\/css\" data-created_by=\"avia_inline_auto\" id=\"style-css-av-fhpty5-6-4-c9382c98ed2d8a770915fa5a7ca42c91\">\n#top #wrap_all .avia-button.av-fhpty5-6-4-c9382c98ed2d8a770915fa5a7ca42c91{\nbackground-color:#e2001a;\nborder-color:#e2001a;\ncolor:#ffffff;\ntransition:all 0.4s ease-in-out;\n}\n#top #wrap_all .avia-button.av-fhpty5-6-4-c9382c98ed2d8a770915fa5a7ca42c91 .avia-svg-icon svg:first-child{\nfill:#ffffff;\nstroke:#ffffff;\n}\n<\/style>\n<a href='https:\/\/reservations.perigordaventureloisirs.com\/activite\/canoe-vitrac-la-malartrie'  class='avia-button av-fhpty5-6-4-c9382c98ed2d8a770915fa5a7ca42c91 av-link-btn avia-icon_select-yes-left-icon avia-size-small avia-position-'  target=\"_blank\"  rel=\"noopener noreferrer\"  aria-label=\"Booking\"><span class='avia_button_icon avia_button_icon_left avia-iconfont avia-font-entypo-fontello' data-av_icon='\ue832' data-av_iconfont='entypo-fontello' ><\/span><span class='avia_iconbox_title' >Booking<\/span><\/a><\/div><\/p>\n<\/div><\/div><\/div><\/section>\n<section class='av_toggle_section av-6lqway-3-a7f2f4ee7156e405ccd7024169c3731e'  itemscope=\"itemscope\" itemtype=\"https:\/\/schema.org\/CreativeWork\" ><div role=\"tablist\" class=\"single_toggle\" data-tags=\"{All} \"  ><p id='toggle-toggle-id-7' data-fake-id='#toggle-id-7' class='toggler  av-title-above '  itemprop=\"headline\"  role='tab' tabindex='0' aria-controls='toggle-id-7' data-slide-speed=\"200\" data-title=\"&lt;strong&gt;BEYNAC to ALLAS-LES-MINES&lt;\/strong&gt;: 7km about 1.15 hour of navigation + stops\" data-title-open=\"\" data-aria_collapsed=\"Click to expand: &lt;strong&gt;BEYNAC to ALLAS-LES-MINES&lt;\/strong&gt;: 7km about 1.15 hour of navigation + stops\" data-aria_expanded=\"Click to collapse: &lt;strong&gt;BEYNAC to ALLAS-LES-MINES&lt;\/strong&gt;: 7km about 1.15 hour of navigation + stops\"><strong>BEYNAC to ALLAS-LES-MINES<\/strong>: 7km about 1.15 hour of navigation + stops<span class=\"toggle_icon\"><span class=\"vert_icon\"><\/span><span class=\"hor_icon\"><\/span><\/span><\/p><div id='toggle-id-7' aria-labelledby='toggle-toggle-id-7' role='region' class='toggle_wrap  av-title-above'  ><div class='toggle_content invers-color '  itemprop=\"text\" ><p><strong><span style=\"color: #ff0000;\">RENTAL PRICES:<\/span><br \/>\nCanoe<\/strong> (2 or 3 person): \u20ac20 per person<strong><br \/>\nChild from 5 to 12 years old<\/strong>, seated in the middle of the canoe: \u20ac10<strong><br \/>\nWaterproof container<\/strong> 3: \u20ac<strong><br \/>\n<\/strong><\/p>\n<h4>Along the canoe circuit: a look at the Ch\u00e2teau des Milandes, the Domaine de Monrecour and a return to nature.<\/h4>\n<p><strong>&gt; Beynac* car park<\/strong> <a href=\"https:\/\/goo.gl\/maps\/E2TcWcypmD7vzhpZ8\" target=\"_blank\" rel=\"noopener noreferrer\">(Access map to Beynac&#8230;)<\/a><br \/>\nContinuous departures from 9:00 to 17:00. Return time set for departure.<br \/>\nPlease sign in at the office 15 minutes prior to departure. It is located between the Balme car park and the Maleville restaurant, at the bottom of the staircase.<br \/>\n<em>*La Balme, Les Escarssols, Le Crouzet N\u00b01, Place d\u2019Alsace car parks<br \/>\nPay-to-use parking from 08:00 to 19:00.<br \/>\nCar park prices: 2 hours = \u20ac3.00, 4 hours = \u20ac4.00, 6 hours = \u20ac5.00, 8 hours = \u20ac6.00, 11 hours = \u20ac25.00<br \/>\nOne free car park is available: Le Crouzet N\u00b02<br \/>\n(Car parking tickets are valid for all of the car parks in Beynac)<\/em><\/p>\n<p><div  class='avia-button-wrap av-fhpty5-7-2-fe8232506aad6968a8ac3883c83c1a02-wrap avia-button-  avia-builder-el-19  el_after_av_button  el_before_av_button '>\n<style type=\"text\/css\" data-created_by=\"avia_inline_auto\" id=\"style-css-av-fhpty5-7-2-fe8232506aad6968a8ac3883c83c1a02\">\n#top #wrap_all .avia-button.av-fhpty5-7-2-fe8232506aad6968a8ac3883c83c1a02{\nbackground-color:#009037;;\nborder-color:#009037;;\ncolor:#ffffff;\ntransition:all 0.4s ease-in-out;\n}\n#top #wrap_all .avia-button.av-fhpty5-7-2-fe8232506aad6968a8ac3883c83c1a02 .avia-svg-icon svg:first-child{\nfill:#ffffff;\nstroke:#ffffff;\n}\n<\/style>\n<a href='https:\/\/www.perigordaventureloisirs.com\/en\/general-questions-renting-canoe-dordogne\/'  class='avia-button av-fhpty5-7-2-fe8232506aad6968a8ac3883c83c1a02 av-link-btn avia-icon_select-yes-left-icon avia-size-small avia-position-'   aria-label=\"Pratical info\"><span class='avia_button_icon avia_button_icon_left avia-iconfont avia-font-entypo-fontello' data-av_icon='\ue832' data-av_iconfont='entypo-fontello' ><\/span><span class='avia_iconbox_title' >Pratical info<\/span><\/a><\/div> <div  class='avia-button-wrap av-fhpty5-6-1-94488efbafdea4c9a42c0731c206a0c0-wrap avia-button-  avia-builder-el-20  el_after_av_button  avia-builder-el-last '>\n<style type=\"text\/css\" data-created_by=\"avia_inline_auto\" id=\"style-css-av-fhpty5-6-1-94488efbafdea4c9a42c0731c206a0c0\">\n#top #wrap_all .avia-button.av-fhpty5-6-1-94488efbafdea4c9a42c0731c206a0c0{\nbackground-color:#e2001a;\nborder-color:#e2001a;\ncolor:#ffffff;\ntransition:all 0.4s ease-in-out;\n}\n#top #wrap_all .avia-button.av-fhpty5-6-1-94488efbafdea4c9a42c0731c206a0c0 .avia-svg-icon svg:first-child{\nfill:#ffffff;\nstroke:#ffffff;\n}\n<\/style>\n<a href='https:\/\/reservations.perigordaventureloisirs.com\/activite\/canoe-beynac-allas-les-mines'  class='avia-button av-fhpty5-6-1-94488efbafdea4c9a42c0731c206a0c0 av-link-btn avia-icon_select-yes-left-icon avia-size-small avia-position-'  target=\"_blank\"  rel=\"noopener noreferrer\"  aria-label=\"Booking\"><span class='avia_button_icon avia_button_icon_left avia-iconfont avia-font-entypo-fontello' data-av_icon='\ue832' data-av_iconfont='entypo-fontello' ><\/span><span class='avia_iconbox_title' >Booking<\/span><\/a><\/div><\/p>\n<\/div><\/div><\/div><\/section>\n<\/div><\/p><\/div>\n\n<style type=\"text\/css\" data-created_by=\"avia_inline_auto\" id=\"style-css-av-jwrw0d3d-85b533d63ecbd70eb4cf19a53aacbfc1\">\n#top .hr.hr-invisible.av-jwrw0d3d-85b533d63ecbd70eb4cf19a53aacbfc1{\nheight:20px;\n}\n<\/style>\n<div  class='hr av-jwrw0d3d-85b533d63ecbd70eb4cf19a53aacbfc1 hr-invisible  avia-builder-el-21  el_after_av_one_full  el_before_av_textblock '><span class='hr-inner '><span class=\"hr-inner-style\"><\/span><\/span><\/div>\n<section  class='av_textblock_section av-jwrui2a6-f35c9cd1504945c18d514592ba8a4541 '   itemscope=\"itemscope\" itemtype=\"https:\/\/schema.org\/CreativeWork\" ><div class='avia_textblock'  itemprop=\"text\" ><p><em>Stops are available for picnics and visits.<\/em><br \/>\n<strong>For your convenience, please book your places by e-mail, telephone or SMS.<\/strong><\/p>\n<p>Price per person, including navigation equipment, life vest and transport.<br \/>\nA special Family Boat price is available (4 seats: 2 adults + children from 5 to 10 years old), no discounts available, please call for more information.<br \/>\nGROUP PRICES available for groups of ten or more. Please contact us by e-mail at <a href=\"mailto:info@perigordaventureloisirs.com\">info@perigordaventureloisirs.com<\/a> or by phone at <a href=\"tel:+33553282382\">05 53 28 23 82<\/a>.<br \/>\nCatered picnics are available for groups of 50 or more.<br \/>\nPlease note: children under five are not permitted, according to the prefectural decree from the 27 February 2013.<br \/>\n<strong>Information and rules:<\/strong><br \/>\n<em>The Dordogne is a class I river, accessible to the public.<br \/>\nYou must be able to swim for 25 metres in open water.<br \/>\nLife vests must be worn.<br \/>\nClosed-toe shoes must be worn.<br \/>\nChildren under 12 must be supervised or accompanied.<br \/>\nChildren under 5 are not authorised (prefectural decree from 27\/02\/2013).<br \/>\nUnaccompanied minors must have written authorisation from their parents or guardians.<br \/>\nRespect the river, the environment and anglers.<br \/>\nDogs must be kept on a lead.<br \/>\nDo not litter on the banks or in the river.<br \/>\nProtect yourself from the sun! Remember to bring sun cream, a bottle of water, a sun hat, and keep your sunglasses attached to you.<br \/>\nProtect children from the sun.<br \/>\nDo not hook any branches, as you may capsize. Stay in the middle of the river.<\/em><\/p>\n<\/div><\/section>\n\n<style type=\"text\/css\" data-created_by=\"avia_inline_auto\" id=\"style-css-av-860sei-628a831cfcbbe2d369564713f968db7d\">\n#top .flex_column.av-860sei-628a831cfcbbe2d369564713f968db7d{\nmargin-top:20px;\nmargin-bottom:20px;\n}\n.flex_column.av-860sei-628a831cfcbbe2d369564713f968db7d{\nborder-radius:0px 0px 0px 0px;\npadding:20px 20px 20px 20px;\nbackground-color:#ebebeb;\n}\n.responsive #top #wrap_all .flex_column.av-860sei-628a831cfcbbe2d369564713f968db7d{\nmargin-top:20px;\nmargin-bottom:20px;\n}\n<\/style>\n<div  class='flex_column av-860sei-628a831cfcbbe2d369564713f968db7d av_one_full  avia-builder-el-23  el_after_av_textblock  avia-builder-el-last  first flex_column_div  column-top-margin'     ><section  class='av_textblock_section av-5otmju-f4ecc4ac9ebf1f7389826d6f7299423c '   itemscope=\"itemscope\" itemtype=\"https:\/\/schema.org\/CreativeWork\" ><div class='avia_textblock'  itemprop=\"text\" ><h3 style=\"text-align: center;\">You wish to have lunch on site,<br \/>\nnoon or evening?<\/h3>\n<\/div><\/section><br \/>\n\n<style type=\"text\/css\" data-created_by=\"avia_inline_auto\" id=\"style-css-av-dn4hm-cc50e422b7f53875683775b766e281bf\">\n.avia-image-container.av-dn4hm-cc50e422b7f53875683775b766e281bf img.avia_image{\nbox-shadow:none;\n}\n.avia-image-container.av-dn4hm-cc50e422b7f53875683775b766e281bf .av-image-caption-overlay-center{\ncolor:#ffffff;\n}\n<\/style>\n<div  class='avia-image-container av-dn4hm-cc50e422b7f53875683775b766e281bf av-styling- avia-align-center  avia-builder-el-25  el_after_av_textblock  el_before_av_textblock '   itemprop=\"image\" itemscope=\"itemscope\" itemtype=\"https:\/\/schema.org\/ImageObject\" ><div class=\"avia-image-container-inner\"><div class=\"avia-image-overlay-wrap\"><img decoding=\"async\" fetchpriority=\"high\" class='wp-image-3941 avia-img-lazy-loading-not-3941 avia_image ' src=\"https:\/\/www.perigordaventureloisirs.com\/wp-content\/uploads\/2019\/06\/pique-nique.jpg\" alt='' title='pique-nique'  height=\"268\" width=\"590\"  itemprop=\"thumbnailUrl\" srcset=\"https:\/\/www.perigordaventureloisirs.com\/wp-content\/uploads\/2019\/06\/pique-nique.jpg 590w, https:\/\/www.perigordaventureloisirs.com\/wp-content\/uploads\/2019\/06\/pique-nique-300x136.jpg 300w, https:\/\/www.perigordaventureloisirs.com\/wp-content\/uploads\/2019\/06\/pique-nique-450x204.jpg 450w\" sizes=\"(max-width: 590px) 100vw, 590px\" \/><\/div><\/div><\/div><br \/>\n\n<style type=\"text\/css\" data-created_by=\"avia_inline_auto\" id=\"style-css-av-2qooje-197383abdd947a2ca569490ca9681901\">\n#top .av_textblock_section.av-2qooje-197383abdd947a2ca569490ca9681901 .avia_textblock{\ntext-align:center;\n}\n<\/style>\n<section  class='av_textblock_section av-2qooje-197383abdd947a2ca569490ca9681901 '   itemscope=\"itemscope\" itemtype=\"https:\/\/schema.org\/CreativeWork\" ><div class='avia_textblock'  itemprop=\"text\" ><p><strong>Meal plan at 25 \u20ac<\/strong><br \/>\nExample: Perigord salad or raw vegetables + grilled meats and fries + walnut cake or ice cream.<\/p>\n<p><strong>Snack, Picnic area available<\/strong><\/p>\n<p><strong>Groups:<\/strong> Contact us.<\/p>\n<p><strong><span style=\"color: #e2001a;\">Any menu proposal can be studied.<\/span><\/strong><\/p>\n<\/div><\/section><\/p><\/div>\n","protected":false},"excerpt":{"rendered":"","protected":false},"author":1,"featured_media":0,"parent":0,"menu_order":0,"comment_status":"closed","ping_status":"closed","template":"","meta":{"footnotes":""},"class_list":["post-3914","page","type-page","status-publish","hentry"],"yoast_head":"<!-- This site is optimized with the Yoast SEO plugin v27.5 - https:\/\/yoast.com\/product\/yoast-seo-wordpress\/ -->\n<title>Descente de la Dordogne en cano\u00eb ou kayak 1\/2 journ\u00e9e, journ\u00e9e Vitrac Beynac pr\u00e8s de Sarlat<\/title>\n<meta name=\"description\" content=\"Location de cano\u00eb - kayak pour la descente de la Dordogne pr\u00e8s de Sarlat. 2 bases de location \u00e0 Vitrac et Beynac\" \/>\n<meta name=\"robots\" content=\"index, follow, max-snippet:-1, max-image-preview:large, max-video-preview:-1\" \/>\n<link rel=\"canonical\" href=\"https:\/\/www.perigordaventureloisirs.com\/en\/day-trips-dordogne-canoe-kayak\/\" \/>\n<meta property=\"og:locale\" content=\"en_US\" \/>\n<meta property=\"og:type\" content=\"article\" \/>\n<meta property=\"og:title\" content=\"Descente de la Dordogne en cano\u00eb ou kayak 1\/2 journ\u00e9e, journ\u00e9e Vitrac Beynac pr\u00e8s de Sarlat\" \/>\n<meta property=\"og:description\" content=\"Location de cano\u00eb - kayak pour la descente de la Dordogne pr\u00e8s de Sarlat. 2 bases de location \u00e0 Vitrac et Beynac\" \/>\n<meta property=\"og:url\" content=\"https:\/\/www.perigordaventureloisirs.com\/en\/day-trips-dordogne-canoe-kayak\/\" \/>\n<meta property=\"og:site_name\" content=\"P\u00e9rigord Aventure et Loisirs\" \/>\n<meta property=\"article:modified_time\" content=\"2024-05-24T11:15:59+00:00\" \/>\n<meta name=\"twitter:card\" content=\"summary_large_image\" \/>\n<meta name=\"twitter:label1\" content=\"Est. reading time\" \/>\n\t<meta name=\"twitter:data1\" content=\"13 minutes\" \/>\n<script type=\"application\/ld+json\" class=\"yoast-schema-graph\">{\"@context\":\"https:\\\/\\\/schema.org\",\"@graph\":[{\"@type\":\"WebPage\",\"@id\":\"https:\\\/\\\/www.perigordaventureloisirs.com\\\/en\\\/day-trips-dordogne-canoe-kayak\\\/\",\"url\":\"https:\\\/\\\/www.perigordaventureloisirs.com\\\/en\\\/day-trips-dordogne-canoe-kayak\\\/\",\"name\":\"Descente de la Dordogne en cano\u00eb ou kayak 1\\\/2 journ\u00e9e, journ\u00e9e Vitrac Beynac pr\u00e8s de Sarlat\",\"isPartOf\":{\"@id\":\"https:\\\/\\\/www.perigordaventureloisirs.com\\\/#website\"},\"datePublished\":\"2019-06-11T10:30:36+00:00\",\"dateModified\":\"2024-05-24T11:15:59+00:00\",\"description\":\"Location de cano\u00eb - kayak pour la descente de la Dordogne pr\u00e8s de Sarlat. 2 bases de location \u00e0 Vitrac et Beynac\",\"breadcrumb\":{\"@id\":\"https:\\\/\\\/www.perigordaventureloisirs.com\\\/en\\\/day-trips-dordogne-canoe-kayak\\\/#breadcrumb\"},\"inLanguage\":\"en-US\",\"potentialAction\":[{\"@type\":\"ReadAction\",\"target\":[\"https:\\\/\\\/www.perigordaventureloisirs.com\\\/en\\\/day-trips-dordogne-canoe-kayak\\\/\"]}]},{\"@type\":\"BreadcrumbList\",\"@id\":\"https:\\\/\\\/www.perigordaventureloisirs.com\\\/en\\\/day-trips-dordogne-canoe-kayak\\\/#breadcrumb\",\"itemListElement\":[{\"@type\":\"ListItem\",\"position\":1,\"name\":\"Accueil\",\"item\":\"https:\\\/\\\/www.perigordaventureloisirs.com\\\/en\\\/\"},{\"@type\":\"ListItem\",\"position\":2,\"name\":\"Day trips\"}]},{\"@type\":\"WebSite\",\"@id\":\"https:\\\/\\\/www.perigordaventureloisirs.com\\\/#website\",\"url\":\"https:\\\/\\\/www.perigordaventureloisirs.com\\\/\",\"name\":\"P\u00e9rigord Aventure et Loisirs\",\"description\":\"Location Cano\u00eb Kayak sur la Dordogne\",\"publisher\":{\"@id\":\"https:\\\/\\\/www.perigordaventureloisirs.com\\\/#organization\"},\"potentialAction\":[{\"@type\":\"SearchAction\",\"target\":{\"@type\":\"EntryPoint\",\"urlTemplate\":\"https:\\\/\\\/www.perigordaventureloisirs.com\\\/?s={search_term_string}\"},\"query-input\":{\"@type\":\"PropertyValueSpecification\",\"valueRequired\":true,\"valueName\":\"search_term_string\"}}],\"inLanguage\":\"en-US\"},{\"@type\":\"Organization\",\"@id\":\"https:\\\/\\\/www.perigordaventureloisirs.com\\\/#organization\",\"name\":\"P\u00e9rigord Aventure Loisirs\",\"url\":\"https:\\\/\\\/www.perigordaventureloisirs.com\\\/\",\"logo\":{\"@type\":\"ImageObject\",\"inLanguage\":\"en-US\",\"@id\":\"https:\\\/\\\/www.perigordaventureloisirs.com\\\/#\\\/schema\\\/logo\\\/image\\\/\",\"url\":\"https:\\\/\\\/www.perigordaventureloisirs.com\\\/wp-content\\\/uploads\\\/2019\\\/06\\\/logo-perigord-aventure-loisirs-540x125px.png\",\"contentUrl\":\"https:\\\/\\\/www.perigordaventureloisirs.com\\\/wp-content\\\/uploads\\\/2019\\\/06\\\/logo-perigord-aventure-loisirs-540x125px.png\",\"width\":540,\"height\":125,\"caption\":\"P\u00e9rigord Aventure Loisirs\"},\"image\":{\"@id\":\"https:\\\/\\\/www.perigordaventureloisirs.com\\\/#\\\/schema\\\/logo\\\/image\\\/\"}}]}<\/script>\n<!-- \/ Yoast SEO plugin. -->","yoast_head_json":{"title":"Descente de la Dordogne en cano\u00eb ou kayak 1\/2 journ\u00e9e, journ\u00e9e Vitrac Beynac pr\u00e8s de Sarlat","description":"Location de cano\u00eb - kayak pour la descente de la Dordogne pr\u00e8s de Sarlat. 2 bases de location \u00e0 Vitrac et Beynac","robots":{"index":"index","follow":"follow","max-snippet":"max-snippet:-1","max-image-preview":"max-image-preview:large","max-video-preview":"max-video-preview:-1"},"canonical":"https:\/\/www.perigordaventureloisirs.com\/en\/day-trips-dordogne-canoe-kayak\/","og_locale":"en_US","og_type":"article","og_title":"Descente de la Dordogne en cano\u00eb ou kayak 1\/2 journ\u00e9e, journ\u00e9e Vitrac Beynac pr\u00e8s de Sarlat","og_description":"Location de cano\u00eb - kayak pour la descente de la Dordogne pr\u00e8s de Sarlat. 2 bases de location \u00e0 Vitrac et Beynac","og_url":"https:\/\/www.perigordaventureloisirs.com\/en\/day-trips-dordogne-canoe-kayak\/","og_site_name":"P\u00e9rigord Aventure et Loisirs","article_modified_time":"2024-05-24T11:15:59+00:00","twitter_card":"summary_large_image","twitter_misc":{"Est. reading time":"13 minutes"},"schema":{"@context":"https:\/\/schema.org","@graph":[{"@type":"WebPage","@id":"https:\/\/www.perigordaventureloisirs.com\/en\/day-trips-dordogne-canoe-kayak\/","url":"https:\/\/www.perigordaventureloisirs.com\/en\/day-trips-dordogne-canoe-kayak\/","name":"Descente de la Dordogne en cano\u00eb ou kayak 1\/2 journ\u00e9e, journ\u00e9e Vitrac Beynac pr\u00e8s de Sarlat","isPartOf":{"@id":"https:\/\/www.perigordaventureloisirs.com\/#website"},"datePublished":"2019-06-11T10:30:36+00:00","dateModified":"2024-05-24T11:15:59+00:00","description":"Location de cano\u00eb - kayak pour la descente de la Dordogne pr\u00e8s de Sarlat. 2 bases de location \u00e0 Vitrac et Beynac","breadcrumb":{"@id":"https:\/\/www.perigordaventureloisirs.com\/en\/day-trips-dordogne-canoe-kayak\/#breadcrumb"},"inLanguage":"en-US","potentialAction":[{"@type":"ReadAction","target":["https:\/\/www.perigordaventureloisirs.com\/en\/day-trips-dordogne-canoe-kayak\/"]}]},{"@type":"BreadcrumbList","@id":"https:\/\/www.perigordaventureloisirs.com\/en\/day-trips-dordogne-canoe-kayak\/#breadcrumb","itemListElement":[{"@type":"ListItem","position":1,"name":"Accueil","item":"https:\/\/www.perigordaventureloisirs.com\/en\/"},{"@type":"ListItem","position":2,"name":"Day trips"}]},{"@type":"WebSite","@id":"https:\/\/www.perigordaventureloisirs.com\/#website","url":"https:\/\/www.perigordaventureloisirs.com\/","name":"P\u00e9rigord Aventure et Loisirs","description":"Location Cano\u00eb Kayak sur la Dordogne","publisher":{"@id":"https:\/\/www.perigordaventureloisirs.com\/#organization"},"potentialAction":[{"@type":"SearchAction","target":{"@type":"EntryPoint","urlTemplate":"https:\/\/www.perigordaventureloisirs.com\/?s={search_term_string}"},"query-input":{"@type":"PropertyValueSpecification","valueRequired":true,"valueName":"search_term_string"}}],"inLanguage":"en-US"},{"@type":"Organization","@id":"https:\/\/www.perigordaventureloisirs.com\/#organization","name":"P\u00e9rigord Aventure Loisirs","url":"https:\/\/www.perigordaventureloisirs.com\/","logo":{"@type":"ImageObject","inLanguage":"en-US","@id":"https:\/\/www.perigordaventureloisirs.com\/#\/schema\/logo\/image\/","url":"https:\/\/www.perigordaventureloisirs.com\/wp-content\/uploads\/2019\/06\/logo-perigord-aventure-loisirs-540x125px.png","contentUrl":"https:\/\/www.perigordaventureloisirs.com\/wp-content\/uploads\/2019\/06\/logo-perigord-aventure-loisirs-540x125px.png","width":540,"height":125,"caption":"P\u00e9rigord Aventure Loisirs"},"image":{"@id":"https:\/\/www.perigordaventureloisirs.com\/#\/schema\/logo\/image\/"}}]}},"_links":{"self":[{"href":"https:\/\/www.perigordaventureloisirs.com\/en\/wp-json\/wp\/v2\/pages\/3914","targetHints":{"allow":["GET"]}}],"collection":[{"href":"https:\/\/www.perigordaventureloisirs.com\/en\/wp-json\/wp\/v2\/pages"}],"about":[{"href":"https:\/\/www.perigordaventureloisirs.com\/en\/wp-json\/wp\/v2\/types\/page"}],"author":[{"embeddable":true,"href":"https:\/\/www.perigordaventureloisirs.com\/en\/wp-json\/wp\/v2\/users\/1"}],"replies":[{"embeddable":true,"href":"https:\/\/www.perigordaventureloisirs.com\/en\/wp-json\/wp\/v2\/comments?post=3914"}],"version-history":[{"count":0,"href":"https:\/\/www.perigordaventureloisirs.com\/en\/wp-json\/wp\/v2\/pages\/3914\/revisions"}],"wp:attachment":[{"href":"https:\/\/www.perigordaventureloisirs.com\/en\/wp-json\/wp\/v2\/media?parent=3914"}],"curies":[{"name":"wp","href":"https:\/\/api.w.org\/{rel}","templated":true}]}}