{"id":4082,"date":"2019-06-14T15:02:30","date_gmt":"2019-06-14T13:02:30","guid":{"rendered":"https:\/\/www.perigordaventureloisirs.com\/contact-reservation-location-canoe-dordogne\/"},"modified":"2022-09-08T12:31:26","modified_gmt":"2022-09-08T10:31:26","slug":"contacto-reserva-canoe-dordogne","status":"publish","type":"page","link":"https:\/\/www.perigordaventureloisirs.com\/es\/contacto-reserva-canoe-dordogne\/","title":{"rendered":"Contacto"},"content":{"rendered":"\n<style type=\"text\/css\" data-created_by=\"avia_inline_auto\" id=\"style-css-av-364ico-4127028167b99d085a43c1bbae93c6d0\">\n.avia-section.av-364ico-4127028167b99d085a43c1bbae93c6d0 .av-extra-border-element .av-extra-border-inner{\nbackground-color:#ffffff;\n}\n<\/style>\n<div id='av_section_1'  class='avia-section av-364ico-4127028167b99d085a43c1bbae93c6d0 main_color avia-section-large avia-no-border-styling  avia-builder-el-0  avia-builder-el-no-sibling  avia-bg-style-scroll av-arrow-down-section container_wrap sidebar_right'  ><div class='container av-section-cont-open' ><main  role=\"main\" itemprop=\"mainContentOfPage\"  class='template-page content  av-content-small alpha units'><div class='post-entry post-entry-type-page post-entry-4082'><div class='entry-content-wrapper clearfix'>\n\n<style type=\"text\/css\" data-created_by=\"avia_inline_auto\" id=\"style-css-av-1vqnds-50c7fb71f602c8804115f12cd45826e5\">\n.flex_column.av-1vqnds-50c7fb71f602c8804115f12cd45826e5{\nborder-radius:0px 0px 0px 0px;\npadding:0px 0px 0px 0px;\n}\n<\/style>\n<div  class='flex_column av-1vqnds-50c7fb71f602c8804115f12cd45826e5 av_two_fifth  avia-builder-el-1  el_before_av_three_fifth  avia-builder-el-first  first flex_column_div av-zero-column-padding  '     ><p><div  class='avia-button-wrap avia-button-center  avia-builder-el-2  el_before_av_hr  avia-builder-el-first '>\n<style type=\"text\/css\" data-created_by=\"avia_inline_auto\" id=\"style-css-av-l487os86-3dea93179a41cbfa394f24d6762c522a\">\n#top #wrap_all .avia-button.av-l487os86-3dea93179a41cbfa394f24d6762c522a{\nbackground-color:#e2001a;\nborder-color:#e2001a;\ntransition:all 0.4s ease-in-out;\n}\n#top #wrap_all .avia-button.av-l487os86-3dea93179a41cbfa394f24d6762c522a:hover{\nbackground-color:#b70021;\ncolor:white;\ntransition:all 0.4s ease-in-out;\n}\n#top #wrap_all .avia-button.av-l487os86-3dea93179a41cbfa394f24d6762c522a:hover .avia-svg-icon svg:first-child{\nfill:white;\nstroke:white;\n}\n<\/style>\n<a href='https:\/\/reservations.perigordaventureloisirs.com\/' class='av-icon-on-hover avia-font-color-theme-color avia-button avia-button-fullwidth av-l487os86-3dea93179a41cbfa394f24d6762c522a avia-icon_select-yes-left-icon avia-color-custom'  target=\"_blank\"  rel=\"noopener noreferrer\"  aria-label=\"RESERVA\"><span class='avia_button_icon avia_button_icon_left avia-iconfont avia-font-entypo-fontello' data-av_icon='\ue832' data-av_iconfont='entypo-fontello' ><\/span><span class='avia_iconbox_title' >RESERVA<\/span><\/a><\/div><br \/>\n\n<style type=\"text\/css\" data-created_by=\"avia_inline_auto\" id=\"style-css-av-k5gzhlab-93f4e6a72dc5235b36c8d45044a7eea1\">\n#top .hr.hr-invisible.av-k5gzhlab-93f4e6a72dc5235b36c8d45044a7eea1{\nheight:20px;\n}\n<\/style>\n<div  class='hr av-k5gzhlab-93f4e6a72dc5235b36c8d45044a7eea1 hr-invisible  avia-builder-el-3  el_after_av_button_big  el_before_av_icon_box  avia-builder-el-first '><span class='hr-inner '><span class=\"hr-inner-style\"><\/span><\/span><\/div><br \/>\n\n<style type=\"text\/css\" data-created_by=\"avia_inline_auto\" id=\"style-css-av-jwro2l5y-7408b7828f3609e6a9c35520e69ab31c\">\n.iconbox.av-jwro2l5y-7408b7828f3609e6a9c35520e69ab31c .iconbox_icon{\nbackground-color:#e2001a;\nborder:1px solid #e2001a;\ncolor:#ffffff;\n}\n.iconbox.av-jwro2l5y-7408b7828f3609e6a9c35520e69ab31c .iconbox_icon.avia-svg-icon svg:first-child{\nfill:#ffffff;\nstroke:#ffffff;\n}\n#top #wrap_all .iconbox.av-jwro2l5y-7408b7828f3609e6a9c35520e69ab31c .iconbox_content_title{\ncolor:#009036;\n}\n<\/style>\n<article  class='iconbox iconbox_left av-jwro2l5y-7408b7828f3609e6a9c35520e69ab31c  avia-builder-el-4  el_after_av_hr  el_before_av_icon_box '  itemscope=\"itemscope\" itemtype=\"https:\/\/schema.org\/CreativeWork\" ><div class=\"iconbox_content\"><header class=\"entry-content-header\" aria-label=\"Icon: BASE CANOAS DE VITRAC\"><div class='iconbox_icon heading-color avia-iconfont avia-font-entypo-fontello' data-av_icon='\ue81e' data-av_iconfont='entypo-fontello'  ><\/div><h3 class='iconbox_content_title '  itemprop=\"headline\" >BASE CANOAS DE VITRAC<\/h3><\/header><div class='iconbox_content_container '  itemprop=\"text\" ><h2><span style=\"color: #e2001a;\"><a href=\"tel:+33553282382\">+33 (0)553 282 382<\/a><br \/>\n<a href=\"tel:+33683273006\">+33 (0)683 273 006<\/a><\/span><\/h2>\n<p><strong>GPS<\/strong>: 44\u00b050\u203222,9\u2033N \u2013 1\u00b008\u203231,6\u2033E<br \/>\no 44.839674 \u2013 1.142076<br \/>\n<img loading=\"lazy\" decoding=\"async\" class=\"alignnone wp-image-3783 size-full\" title=\"R\u00e9server une descente en cano\u00eb sur la Dordogne - Base de location de Vitrac\" src=\"https:\/\/www.perigordaventureloisirs.com\/wp-content\/uploads\/2019\/06\/base-vitrac.jpg\" alt=\"R\u00e9server une descente en cano\u00eb sur la Dordogne - Base de location de Vitrac\" width=\"340\" height=\"194\" srcset=\"https:\/\/www.perigordaventureloisirs.com\/wp-content\/uploads\/2019\/06\/base-vitrac.jpg 340w, https:\/\/www.perigordaventureloisirs.com\/wp-content\/uploads\/2019\/06\/base-vitrac-300x171.jpg 300w\" sizes=\"auto, (max-width: 340px) 100vw, 340px\" \/><br \/>\n<div  class='avia-button-wrap av-cy31c-accadc8bc5f9f8152d70c2400ea5de50-wrap avia-button-left  avia-builder-el-5  avia-builder-el-no-sibling '>\n<style type=\"text\/css\" data-created_by=\"avia_inline_auto\" id=\"style-css-av-cy31c-accadc8bc5f9f8152d70c2400ea5de50\">\n#top #wrap_all .avia-button.av-cy31c-accadc8bc5f9f8152d70c2400ea5de50{\nbackground-color:#009036;\nborder-color:#009036;\ncolor:#ffffff;\ntransition:all 0.4s ease-in-out;\n}\n#top #wrap_all .avia-button.av-cy31c-accadc8bc5f9f8152d70c2400ea5de50 .avia-svg-icon svg:first-child{\nfill:#ffffff;\nstroke:#ffffff;\n}\n<\/style>\n<a href='https:\/\/goo.gl\/maps\/uPeXBcscKNJHgMfy6\/'  class='avia-button av-cy31c-accadc8bc5f9f8152d70c2400ea5de50 av-link-btn avia-icon_select-no avia-size-small avia-position-left'  target=\"_blank\"  rel=\"noopener noreferrer\"  aria-label=\"Planes de acceso a Vitrac\"><span class='avia_iconbox_title' >Planes de acceso a Vitrac<\/span><\/a><\/div><\/p>\n<\/div><\/div><footer class=\"entry-footer\"><\/footer><\/article><br \/>\n\n<style type=\"text\/css\" data-created_by=\"avia_inline_auto\" id=\"style-css-av-jwro2l5y-2-84f31cf29648f664f3eda7bd3d97e930\">\n.iconbox.av-jwro2l5y-2-84f31cf29648f664f3eda7bd3d97e930 .iconbox_icon{\nbackground-color:#e2001a;\nborder:1px solid #e2001a;\ncolor:#ffffff;\n}\n.iconbox.av-jwro2l5y-2-84f31cf29648f664f3eda7bd3d97e930 .iconbox_icon.avia-svg-icon svg:first-child{\nfill:#ffffff;\nstroke:#ffffff;\n}\n#top #wrap_all .iconbox.av-jwro2l5y-2-84f31cf29648f664f3eda7bd3d97e930 .iconbox_content_title{\ncolor:#009036;\n}\n<\/style>\n<article  class='iconbox iconbox_left av-jwro2l5y-2-84f31cf29648f664f3eda7bd3d97e930  avia-builder-el-6  el_after_av_icon_box  el_before_av_textblock '  itemscope=\"itemscope\" itemtype=\"https:\/\/schema.org\/CreativeWork\" ><div class=\"iconbox_content\"><header class=\"entry-content-header\" aria-label=\"Icon: BASE CANOAS DE BEYNAC\"><div class='iconbox_icon heading-color avia-iconfont avia-font-entypo-fontello' data-av_icon='\ue81e' data-av_iconfont='entypo-fontello'  ><\/div><h3 class='iconbox_content_title '  itemprop=\"headline\" >BASE CANOAS DE BEYNAC<\/h3><\/header><div class='iconbox_content_container '  itemprop=\"text\" ><h2><span style=\"color: #e2001a;\"><a href=\"tel:+33553289501\">+33 (0)553 289 501<\/a><br \/>\n<a href=\"tel:+33683273006\">+33 (0)683 273 006<\/a><\/span><\/h2>\n<p><strong>GPS<\/strong>: 44\u00b049\u203229\u2033N \u2013 1\u00b013\u203217\u2033E<br \/>\no 44.824518 \u2013 1.221219<br \/>\n<img loading=\"lazy\" decoding=\"async\" class=\"alignnone wp-image-3784 size-full\" title=\"R\u00e9server une descente en cano\u00eb sur la Dordogne - Base de location de Beynac\" src=\"https:\/\/www.perigordaventureloisirs.com\/wp-content\/uploads\/2019\/06\/base-beynac.jpg\" alt=\"R\u00e9server une descente en cano\u00eb sur la Dordogne - Base de location de Beynac\" width=\"340\" height=\"194\" srcset=\"https:\/\/www.perigordaventureloisirs.com\/wp-content\/uploads\/2019\/06\/base-beynac.jpg 340w, https:\/\/www.perigordaventureloisirs.com\/wp-content\/uploads\/2019\/06\/base-beynac-300x171.jpg 300w\" sizes=\"auto, (max-width: 340px) 100vw, 340px\" \/><br \/>\n<div  class='avia-button-wrap av-cy31c-1-3697972a349e05e5779278daca05e7a1-wrap avia-button-left  avia-builder-el-7  avia-builder-el-no-sibling '>\n<style type=\"text\/css\" data-created_by=\"avia_inline_auto\" id=\"style-css-av-cy31c-1-3697972a349e05e5779278daca05e7a1\">\n#top #wrap_all .avia-button.av-cy31c-1-3697972a349e05e5779278daca05e7a1{\nbackground-color:#009036;\nborder-color:#009036;\ncolor:#ffffff;\ntransition:all 0.4s ease-in-out;\n}\n#top #wrap_all .avia-button.av-cy31c-1-3697972a349e05e5779278daca05e7a1 .avia-svg-icon svg:first-child{\nfill:#ffffff;\nstroke:#ffffff;\n}\n<\/style>\n<a href='https:\/\/goo.gl\/maps\/E2TcWcypmD7vzhpZ8\/'  class='avia-button av-cy31c-1-3697972a349e05e5779278daca05e7a1 av-link-btn avia-icon_select-no avia-size-small avia-position-left'  target=\"_blank\"  rel=\"noopener noreferrer\"  aria-label=\"Planes de acceso a Beynac\"><span class='avia_iconbox_title' >Planes de acceso a Beynac<\/span><\/a><\/div><\/p>\n<\/div><\/div><footer class=\"entry-footer\"><\/footer><\/article><br \/>\n<section  class='av_textblock_section av-1otj0o-c53b16cce4e321546bf1bbb9d4f61d1e '   itemscope=\"itemscope\" itemtype=\"https:\/\/schema.org\/CreativeWork\" ><div class='avia_textblock'  itemprop=\"text\" ><h3>Para llegar a las bases de alquiler de canoas en el Dordo\u00f1a de P\u00e9rigord Aventure et Loisirs:<\/h3>\n<p><strong>Por carretera<\/strong>:<br \/>\n\u2013 Acceso autopista A20, salida n\u00ba55 en Souillac<br \/>\n\u2013 Acceso autopista A89, salida n\u00ba 18 a trav\u00e9s de Terrasson y Sarlat o salida n\u00ba 17 a trav\u00e9s de Montignac y Sarlat o salida n\u00ba 16 en Saint-Laurent-sur-Manoire a trav\u00e9s de Les Eyzies<br \/>\n<strong>En tren<\/strong>: Estaci\u00f3n SNCF de Sarlat.<br \/>\n<strong>En avi\u00f3n<\/strong>: Aeropuertos de Cressensac, P\u00e9rigueux o Bergerac.<\/p>\n<\/div><\/section><\/p><\/div>\n<style type=\"text\/css\" data-created_by=\"avia_inline_auto\" id=\"style-css-av-ap1lk-2a75d2809a1d512fe71f1468976352e4\">\n.flex_column.av-ap1lk-2a75d2809a1d512fe71f1468976352e4{\nborder-radius:0px 0px 0px 0px;\npadding:0px 0px 0px 0px;\n}\n<\/style>\n<div  class='flex_column av-ap1lk-2a75d2809a1d512fe71f1468976352e4 av_three_fifth  avia-builder-el-9  el_after_av_two_fifth  el_before_av_textblock  flex_column_div av-zero-column-padding  '     ><p>\n<style type=\"text\/css\" data-created_by=\"avia_inline_auto\" id=\"style-css-av-k6up7igh-66ab289b3d6a99ac39d759a641649f1c\">\n#top .av-special-heading.av-k6up7igh-66ab289b3d6a99ac39d759a641649f1c{\npadding-bottom:20px;\nfont-size:34px;\n}\nbody .av-special-heading.av-k6up7igh-66ab289b3d6a99ac39d759a641649f1c .av-special-heading-tag .heading-char{\nfont-size:25px;\n}\n#top #wrap_all .av-special-heading.av-k6up7igh-66ab289b3d6a99ac39d759a641649f1c .av-special-heading-tag{\nfont-size:34px;\n}\n.av-special-heading.av-k6up7igh-66ab289b3d6a99ac39d759a641649f1c .av-subheading{\nfont-size:15px;\n}\n\n@media only screen and (min-width: 480px) and (max-width: 767px){ \n#top #wrap_all .av-special-heading.av-k6up7igh-66ab289b3d6a99ac39d759a641649f1c .av-special-heading-tag{\nfont-size:0.8em;\n}\n}\n\n@media only screen and (max-width: 479px){ \n#top #wrap_all .av-special-heading.av-k6up7igh-66ab289b3d6a99ac39d759a641649f1c .av-special-heading-tag{\nfont-size:0.8em;\n}\n}\n<\/style>\n<div  class='av-special-heading av-k6up7igh-66ab289b3d6a99ac39d759a641649f1c av-special-heading-h1 blockquote modern-quote  avia-builder-el-10  el_before_av_codeblock  avia-builder-el-first  av-inherit-size av-linked-heading'><h1 class='av-special-heading-tag '  itemprop=\"headline\"  >Solicitud de informaci\u00f3n<\/h1><div class=\"special-heading-border\"><div class=\"special-heading-inner-border\"><\/div><\/div><\/div><br \/>\n<\/p><\/div><section  class='av_textblock_section av-jx0e4hcv-6e13eabb44551d67c5eab64dccb4e9f8 '   itemscope=\"itemscope\" itemtype=\"https:\/\/schema.org\/CreativeWork\" ><div class='avia_textblock'  itemprop=\"text\" >\n<\/div><\/section>\n<\/div><\/div><\/main><!-- close content main element --><\/div><div class='av-extra-border-element border-extra-arrow-down'><div class='av-extra-border-outer'><div class='av-extra-border-inner'><\/div><\/div><\/div><\/div><div id='after_section_1'  class='main_color av_default_container_wrap container_wrap sidebar_right'  ><div class='container av-section-cont-open' ><div class='template-page content  av-content-small alpha units'><div class='post-entry post-entry-type-page post-entry-4082'><div class='entry-content-wrapper clearfix'>\n","protected":false},"excerpt":{"rendered":"","protected":false},"author":1,"featured_media":0,"parent":0,"menu_order":0,"comment_status":"closed","ping_status":"closed","template":"","meta":{"footnotes":""},"class_list":["post-4082","page","type-page","status-publish","hentry"],"yoast_head":"<!-- This site is optimized with the Yoast SEO plugin v27.4 - https:\/\/yoast.com\/product\/yoast-seo-wordpress\/ -->\n<title>R\u00e9server location canoe pour descente de la Dordogne Beynac Vitrac<\/title>\n<meta name=\"description\" content=\"R\u00e9servez votre descente de la Dordogne en cano\u00eb avec P\u00e9rigord Aventure et Loisirs : loueur professionnel de cano\u00ebs et kayaks sur la Dordogne.\" \/>\n<meta name=\"robots\" content=\"index, follow, max-snippet:-1, max-image-preview:large, max-video-preview:-1\" \/>\n<link rel=\"canonical\" href=\"https:\/\/www.perigordaventureloisirs.com\/es\/contacto-reserva-canoe-dordogne\/\" \/>\n<meta property=\"og:locale\" content=\"es_ES\" \/>\n<meta property=\"og:type\" content=\"article\" \/>\n<meta property=\"og:title\" content=\"R\u00e9server location canoe pour descente de la Dordogne Beynac Vitrac\" \/>\n<meta property=\"og:description\" content=\"R\u00e9servez votre descente de la Dordogne en cano\u00eb avec P\u00e9rigord Aventure et Loisirs : loueur professionnel de cano\u00ebs et kayaks sur la Dordogne.\" \/>\n<meta property=\"og:url\" content=\"https:\/\/www.perigordaventureloisirs.com\/es\/contacto-reserva-canoe-dordogne\/\" \/>\n<meta property=\"og:site_name\" content=\"P\u00e9rigord Aventure et Loisirs\" \/>\n<meta property=\"article:modified_time\" content=\"2022-09-08T10:31:26+00:00\" \/>\n<meta property=\"og:image\" content=\"https:\/\/www.perigordaventureloisirs.com\/wp-content\/uploads\/2019\/06\/base-vitrac.jpg\" \/>\n<meta name=\"twitter:card\" content=\"summary_large_image\" \/>\n<meta name=\"twitter:label1\" content=\"Tiempo de lectura\" \/>\n\t<meta name=\"twitter:data1\" content=\"3 minutos\" \/>\n<script type=\"application\/ld+json\" class=\"yoast-schema-graph\">{\"@context\":\"https:\\\/\\\/schema.org\",\"@graph\":[{\"@type\":\"WebPage\",\"@id\":\"https:\\\/\\\/www.perigordaventureloisirs.com\\\/es\\\/contacto-reserva-canoe-dordogne\\\/\",\"url\":\"https:\\\/\\\/www.perigordaventureloisirs.com\\\/es\\\/contacto-reserva-canoe-dordogne\\\/\",\"name\":\"R\u00e9server location canoe pour descente de la Dordogne Beynac Vitrac\",\"isPartOf\":{\"@id\":\"https:\\\/\\\/www.perigordaventureloisirs.com\\\/#website\"},\"primaryImageOfPage\":{\"@id\":\"https:\\\/\\\/www.perigordaventureloisirs.com\\\/es\\\/contacto-reserva-canoe-dordogne\\\/#primaryimage\"},\"image\":{\"@id\":\"https:\\\/\\\/www.perigordaventureloisirs.com\\\/es\\\/contacto-reserva-canoe-dordogne\\\/#primaryimage\"},\"thumbnailUrl\":\"https:\\\/\\\/www.perigordaventureloisirs.com\\\/wp-content\\\/uploads\\\/2019\\\/06\\\/base-vitrac.jpg\",\"datePublished\":\"2019-06-14T13:02:30+00:00\",\"dateModified\":\"2022-09-08T10:31:26+00:00\",\"description\":\"R\u00e9servez votre descente de la Dordogne en cano\u00eb avec P\u00e9rigord Aventure et Loisirs : loueur professionnel de cano\u00ebs et kayaks sur la Dordogne.\",\"breadcrumb\":{\"@id\":\"https:\\\/\\\/www.perigordaventureloisirs.com\\\/es\\\/contacto-reserva-canoe-dordogne\\\/#breadcrumb\"},\"inLanguage\":\"es\",\"potentialAction\":[{\"@type\":\"ReadAction\",\"target\":[\"https:\\\/\\\/www.perigordaventureloisirs.com\\\/es\\\/contacto-reserva-canoe-dordogne\\\/\"]}]},{\"@type\":\"ImageObject\",\"inLanguage\":\"es\",\"@id\":\"https:\\\/\\\/www.perigordaventureloisirs.com\\\/es\\\/contacto-reserva-canoe-dordogne\\\/#primaryimage\",\"url\":\"https:\\\/\\\/www.perigordaventureloisirs.com\\\/wp-content\\\/uploads\\\/2019\\\/06\\\/base-vitrac.jpg\",\"contentUrl\":\"https:\\\/\\\/www.perigordaventureloisirs.com\\\/wp-content\\\/uploads\\\/2019\\\/06\\\/base-vitrac.jpg\"},{\"@type\":\"BreadcrumbList\",\"@id\":\"https:\\\/\\\/www.perigordaventureloisirs.com\\\/es\\\/contacto-reserva-canoe-dordogne\\\/#breadcrumb\",\"itemListElement\":[{\"@type\":\"ListItem\",\"position\":1,\"name\":\"Accueil\",\"item\":\"https:\\\/\\\/www.perigordaventureloisirs.com\\\/es\\\/\"},{\"@type\":\"ListItem\",\"position\":2,\"name\":\"Contacto\"}]},{\"@type\":\"WebSite\",\"@id\":\"https:\\\/\\\/www.perigordaventureloisirs.com\\\/#website\",\"url\":\"https:\\\/\\\/www.perigordaventureloisirs.com\\\/\",\"name\":\"P\u00e9rigord Aventure et Loisirs\",\"description\":\"Location Cano\u00eb Kayak sur la Dordogne\",\"publisher\":{\"@id\":\"https:\\\/\\\/www.perigordaventureloisirs.com\\\/#organization\"},\"potentialAction\":[{\"@type\":\"SearchAction\",\"target\":{\"@type\":\"EntryPoint\",\"urlTemplate\":\"https:\\\/\\\/www.perigordaventureloisirs.com\\\/?s={search_term_string}\"},\"query-input\":{\"@type\":\"PropertyValueSpecification\",\"valueRequired\":true,\"valueName\":\"search_term_string\"}}],\"inLanguage\":\"es\"},{\"@type\":\"Organization\",\"@id\":\"https:\\\/\\\/www.perigordaventureloisirs.com\\\/#organization\",\"name\":\"P\u00e9rigord Aventure Loisirs\",\"url\":\"https:\\\/\\\/www.perigordaventureloisirs.com\\\/\",\"logo\":{\"@type\":\"ImageObject\",\"inLanguage\":\"es\",\"@id\":\"https:\\\/\\\/www.perigordaventureloisirs.com\\\/#\\\/schema\\\/logo\\\/image\\\/\",\"url\":\"https:\\\/\\\/www.perigordaventureloisirs.com\\\/wp-content\\\/uploads\\\/2019\\\/06\\\/logo-perigord-aventure-loisirs-540x125px.png\",\"contentUrl\":\"https:\\\/\\\/www.perigordaventureloisirs.com\\\/wp-content\\\/uploads\\\/2019\\\/06\\\/logo-perigord-aventure-loisirs-540x125px.png\",\"width\":540,\"height\":125,\"caption\":\"P\u00e9rigord Aventure Loisirs\"},\"image\":{\"@id\":\"https:\\\/\\\/www.perigordaventureloisirs.com\\\/#\\\/schema\\\/logo\\\/image\\\/\"}}]}<\/script>\n<!-- \/ Yoast SEO plugin. -->","yoast_head_json":{"title":"R\u00e9server location canoe pour descente de la Dordogne Beynac Vitrac","description":"R\u00e9servez votre descente de la Dordogne en cano\u00eb avec P\u00e9rigord Aventure et Loisirs : loueur professionnel de cano\u00ebs et kayaks sur la Dordogne.","robots":{"index":"index","follow":"follow","max-snippet":"max-snippet:-1","max-image-preview":"max-image-preview:large","max-video-preview":"max-video-preview:-1"},"canonical":"https:\/\/www.perigordaventureloisirs.com\/es\/contacto-reserva-canoe-dordogne\/","og_locale":"es_ES","og_type":"article","og_title":"R\u00e9server location canoe pour descente de la Dordogne Beynac Vitrac","og_description":"R\u00e9servez votre descente de la Dordogne en cano\u00eb avec P\u00e9rigord Aventure et Loisirs : loueur professionnel de cano\u00ebs et kayaks sur la Dordogne.","og_url":"https:\/\/www.perigordaventureloisirs.com\/es\/contacto-reserva-canoe-dordogne\/","og_site_name":"P\u00e9rigord Aventure et Loisirs","article_modified_time":"2022-09-08T10:31:26+00:00","og_image":[{"url":"https:\/\/www.perigordaventureloisirs.com\/wp-content\/uploads\/2019\/06\/base-vitrac.jpg","type":"","width":"","height":""}],"twitter_card":"summary_large_image","twitter_misc":{"Tiempo de lectura":"3 minutos"},"schema":{"@context":"https:\/\/schema.org","@graph":[{"@type":"WebPage","@id":"https:\/\/www.perigordaventureloisirs.com\/es\/contacto-reserva-canoe-dordogne\/","url":"https:\/\/www.perigordaventureloisirs.com\/es\/contacto-reserva-canoe-dordogne\/","name":"R\u00e9server location canoe pour descente de la Dordogne Beynac Vitrac","isPartOf":{"@id":"https:\/\/www.perigordaventureloisirs.com\/#website"},"primaryImageOfPage":{"@id":"https:\/\/www.perigordaventureloisirs.com\/es\/contacto-reserva-canoe-dordogne\/#primaryimage"},"image":{"@id":"https:\/\/www.perigordaventureloisirs.com\/es\/contacto-reserva-canoe-dordogne\/#primaryimage"},"thumbnailUrl":"https:\/\/www.perigordaventureloisirs.com\/wp-content\/uploads\/2019\/06\/base-vitrac.jpg","datePublished":"2019-06-14T13:02:30+00:00","dateModified":"2022-09-08T10:31:26+00:00","description":"R\u00e9servez votre descente de la Dordogne en cano\u00eb avec P\u00e9rigord Aventure et Loisirs : loueur professionnel de cano\u00ebs et kayaks sur la Dordogne.","breadcrumb":{"@id":"https:\/\/www.perigordaventureloisirs.com\/es\/contacto-reserva-canoe-dordogne\/#breadcrumb"},"inLanguage":"es","potentialAction":[{"@type":"ReadAction","target":["https:\/\/www.perigordaventureloisirs.com\/es\/contacto-reserva-canoe-dordogne\/"]}]},{"@type":"ImageObject","inLanguage":"es","@id":"https:\/\/www.perigordaventureloisirs.com\/es\/contacto-reserva-canoe-dordogne\/#primaryimage","url":"https:\/\/www.perigordaventureloisirs.com\/wp-content\/uploads\/2019\/06\/base-vitrac.jpg","contentUrl":"https:\/\/www.perigordaventureloisirs.com\/wp-content\/uploads\/2019\/06\/base-vitrac.jpg"},{"@type":"BreadcrumbList","@id":"https:\/\/www.perigordaventureloisirs.com\/es\/contacto-reserva-canoe-dordogne\/#breadcrumb","itemListElement":[{"@type":"ListItem","position":1,"name":"Accueil","item":"https:\/\/www.perigordaventureloisirs.com\/es\/"},{"@type":"ListItem","position":2,"name":"Contacto"}]},{"@type":"WebSite","@id":"https:\/\/www.perigordaventureloisirs.com\/#website","url":"https:\/\/www.perigordaventureloisirs.com\/","name":"P\u00e9rigord Aventure et Loisirs","description":"Location Cano\u00eb Kayak sur la Dordogne","publisher":{"@id":"https:\/\/www.perigordaventureloisirs.com\/#organization"},"potentialAction":[{"@type":"SearchAction","target":{"@type":"EntryPoint","urlTemplate":"https:\/\/www.perigordaventureloisirs.com\/?s={search_term_string}"},"query-input":{"@type":"PropertyValueSpecification","valueRequired":true,"valueName":"search_term_string"}}],"inLanguage":"es"},{"@type":"Organization","@id":"https:\/\/www.perigordaventureloisirs.com\/#organization","name":"P\u00e9rigord Aventure Loisirs","url":"https:\/\/www.perigordaventureloisirs.com\/","logo":{"@type":"ImageObject","inLanguage":"es","@id":"https:\/\/www.perigordaventureloisirs.com\/#\/schema\/logo\/image\/","url":"https:\/\/www.perigordaventureloisirs.com\/wp-content\/uploads\/2019\/06\/logo-perigord-aventure-loisirs-540x125px.png","contentUrl":"https:\/\/www.perigordaventureloisirs.com\/wp-content\/uploads\/2019\/06\/logo-perigord-aventure-loisirs-540x125px.png","width":540,"height":125,"caption":"P\u00e9rigord Aventure Loisirs"},"image":{"@id":"https:\/\/www.perigordaventureloisirs.com\/#\/schema\/logo\/image\/"}}]}},"_links":{"self":[{"href":"https:\/\/www.perigordaventureloisirs.com\/es\/wp-json\/wp\/v2\/pages\/4082","targetHints":{"allow":["GET"]}}],"collection":[{"href":"https:\/\/www.perigordaventureloisirs.com\/es\/wp-json\/wp\/v2\/pages"}],"about":[{"href":"https:\/\/www.perigordaventureloisirs.com\/es\/wp-json\/wp\/v2\/types\/page"}],"author":[{"embeddable":true,"href":"https:\/\/www.perigordaventureloisirs.com\/es\/wp-json\/wp\/v2\/users\/1"}],"replies":[{"embeddable":true,"href":"https:\/\/www.perigordaventureloisirs.com\/es\/wp-json\/wp\/v2\/comments?post=4082"}],"version-history":[{"count":0,"href":"https:\/\/www.perigordaventureloisirs.com\/es\/wp-json\/wp\/v2\/pages\/4082\/revisions"}],"wp:attachment":[{"href":"https:\/\/www.perigordaventureloisirs.com\/es\/wp-json\/wp\/v2\/media?parent=4082"}],"curies":[{"name":"wp","href":"https:\/\/api.w.org\/{rel}","templated":true}]}}