{"id":4115,"date":"2019-06-11T12:30:36","date_gmt":"2019-06-11T10:30:36","guid":{"rendered":"https:\/\/www.perigordaventureloisirs.com\/descente-dordogne-canoe-kayak\/"},"modified":"2024-05-24T13:17:58","modified_gmt":"2024-05-24T11:17:58","slug":"excursiones-de-un-dia-dordona-canoa-kayak","status":"publish","type":"page","link":"https:\/\/www.perigordaventureloisirs.com\/es\/excursiones-de-un-dia-dordona-canoa-kayak\/","title":{"rendered":"Excursiones de un d\u00eda"},"content":{"rendered":"\n<style type=\"text\/css\" data-created_by=\"avia_inline_auto\" id=\"style-css-av-2r0h2r-39ad6eb43dbdad5a1513baf0a6c42373\">\n#top .av-special-heading.av-2r0h2r-39ad6eb43dbdad5a1513baf0a6c42373{\npadding-bottom:10px;\nfont-size:40px;\n}\nbody .av-special-heading.av-2r0h2r-39ad6eb43dbdad5a1513baf0a6c42373 .av-special-heading-tag .heading-char{\nfont-size:25px;\n}\n#top #wrap_all .av-special-heading.av-2r0h2r-39ad6eb43dbdad5a1513baf0a6c42373 .av-special-heading-tag{\nfont-size:40px;\n}\n.av-special-heading.av-2r0h2r-39ad6eb43dbdad5a1513baf0a6c42373 .av-subheading{\nfont-size:15px;\n}\n\n@media only screen and (min-width: 480px) and (max-width: 767px){ \n#top #wrap_all .av-special-heading.av-2r0h2r-39ad6eb43dbdad5a1513baf0a6c42373 .av-special-heading-tag{\nfont-size:0.8em;\n}\n}\n\n@media only screen and (max-width: 479px){ \n#top #wrap_all .av-special-heading.av-2r0h2r-39ad6eb43dbdad5a1513baf0a6c42373 .av-special-heading-tag{\nfont-size:0.8em;\n}\n}\n<\/style>\n<div  class='av-special-heading av-2r0h2r-39ad6eb43dbdad5a1513baf0a6c42373 av-special-heading-h1 blockquote modern-quote  avia-builder-el-0  el_before_av_one_full  avia-builder-el-first  av-inherit-size'><h1 class='av-special-heading-tag '  itemprop=\"headline\"  >Excursiones de un d\u00eda desde Dordo\u00f1a en canoa<\/h1><div class=\"special-heading-border\"><div class=\"special-heading-inner-border\"><\/div><\/div><\/div>\n\n<style type=\"text\/css\" data-created_by=\"avia_inline_auto\" id=\"style-css-av-jwroem72-9b36ada18258329433336fc2eb1fdd76\">\n.flex_column.av-jwroem72-9b36ada18258329433336fc2eb1fdd76{\nborder-radius:0px 0px 0px 0px;\npadding:20px 20px 20px 20px;\nbackground-color:#ebebeb;\n}\n<\/style>\n<div  class='flex_column av-jwroem72-9b36ada18258329433336fc2eb1fdd76 av_one_full  avia-builder-el-1  el_after_av_heading  el_before_av_hr  first flex_column_div av-animated-generic pop-up  '     ><p>\n<style type=\"text\/css\" data-created_by=\"avia_inline_auto\" id=\"style-css-av-jwruivx5-67a57abda249bab293de528d38cb4dff\">\n.avia-image-container.av-jwruivx5-67a57abda249bab293de528d38cb4dff img.avia_image{\nbox-shadow:none;\n}\n.avia-image-container.av-jwruivx5-67a57abda249bab293de528d38cb4dff .av-image-caption-overlay-center{\ncolor:#ffffff;\n}\n<\/style>\n<div  class='avia-image-container av-jwruivx5-67a57abda249bab293de528d38cb4dff av-styling- avia-align-center  avia-builder-el-2  el_before_av_icon_box  avia-builder-el-first '   itemprop=\"image\" itemscope=\"itemscope\" itemtype=\"https:\/\/schema.org\/ImageObject\" ><div class=\"avia-image-container-inner\"><div class=\"avia-image-overlay-wrap\"><img decoding=\"async\" fetchpriority=\"high\" class='wp-image-4469 avia-img-lazy-loading-not-4469 avia_image ' src=\"https:\/\/www.perigordaventureloisirs.com\/wp-content\/uploads\/2023\/06\/canoes-offre-2-euros-ES.jpg\" alt='' title='canoes-offre-2-euros-ES'  height=\"555\" width=\"900\"  itemprop=\"thumbnailUrl\" srcset=\"https:\/\/www.perigordaventureloisirs.com\/wp-content\/uploads\/2023\/06\/canoes-offre-2-euros-ES.jpg 900w, https:\/\/www.perigordaventureloisirs.com\/wp-content\/uploads\/2023\/06\/canoes-offre-2-euros-ES-300x185.jpg 300w, https:\/\/www.perigordaventureloisirs.com\/wp-content\/uploads\/2023\/06\/canoes-offre-2-euros-ES-768x474.jpg 768w, https:\/\/www.perigordaventureloisirs.com\/wp-content\/uploads\/2023\/06\/canoes-offre-2-euros-ES-705x435.jpg 705w\" sizes=\"(max-width: 900px) 100vw, 900px\" \/><\/div><\/div><\/div><br \/>\n\n<style type=\"text\/css\" data-created_by=\"avia_inline_auto\" id=\"style-css-av-jwro2l5y-f8657c271736820b032cd1ab85122530\">\n.iconbox.av-jwro2l5y-f8657c271736820b032cd1ab85122530 .iconbox_icon{\nbackground-color:#e2001a;\nborder:1px solid #e2001a;\ncolor:#ffffff;\n}\n.iconbox.av-jwro2l5y-f8657c271736820b032cd1ab85122530 .iconbox_icon.avia-svg-icon svg:first-child{\nfill:#ffffff;\nstroke:#ffffff;\n}\n<\/style>\n<article  class='iconbox iconbox_left_content av-jwro2l5y-f8657c271736820b032cd1ab85122530  avia-builder-el-3  el_after_av_image  el_before_av_image '  itemscope=\"itemscope\" itemtype=\"https:\/\/schema.org\/CreativeWork\" ><div class='iconbox_icon heading-color avia-iconfont avia-font-entypo-fontello' data-av_icon='\ue81e' data-av_iconfont='entypo-fontello'  ><\/div><div class=\"iconbox_content\"><header class=\"entry-content-header\" aria-label=\"Icon: Informaci\u00f3n-Reservas:\"><h3 class='iconbox_content_title '  itemprop=\"headline\" >Informaci\u00f3n-Reservas:<\/h3><\/header><div class='iconbox_content_container '  itemprop=\"text\" ><h2><span style=\"color: #e2001a;\"><a href=\"tel:+33553282382\">+33 (0)553 282 382<\/a> o <a href=\"tel:+33683273006\">+33(0)683 273 006<\/a><\/span><\/h2>\n<\/div><\/div><footer class=\"entry-footer\"><\/footer><\/article><br \/>\n\n<style type=\"text\/css\" data-created_by=\"avia_inline_auto\" id=\"style-css-av-lj2vgicq-3eecec918ec6cde1367784508a47559b\">\n.avia-image-container.av-lj2vgicq-3eecec918ec6cde1367784508a47559b img.avia_image{\nbox-shadow:none;\n}\n.avia-image-container.av-lj2vgicq-3eecec918ec6cde1367784508a47559b .av-image-caption-overlay-center{\ncolor:#ffffff;\n}\n<\/style>\n<div  class='avia-image-container av-lj2vgicq-3eecec918ec6cde1367784508a47559b av-styling- avia-align-center  avia-builder-el-4  el_after_av_icon_box  el_before_av_textblock '   itemprop=\"image\" itemscope=\"itemscope\" itemtype=\"https:\/\/schema.org\/ImageObject\" ><div class=\"avia-image-container-inner\"><div class=\"avia-image-overlay-wrap\"><img decoding=\"async\" fetchpriority=\"high\" class='wp-image-4412 avia-img-lazy-loading-not-4412 avia_image ' src=\"https:\/\/www.perigordaventureloisirs.com\/wp-content\/uploads\/2023\/06\/Plan-parcours-2023.jpg\" alt='' title='Plan-parcours-2023'  height=\"302\" width=\"694\"  itemprop=\"thumbnailUrl\" srcset=\"https:\/\/www.perigordaventureloisirs.com\/wp-content\/uploads\/2023\/06\/Plan-parcours-2023.jpg 694w, https:\/\/www.perigordaventureloisirs.com\/wp-content\/uploads\/2023\/06\/Plan-parcours-2023-300x131.jpg 300w\" sizes=\"(max-width: 694px) 100vw, 694px\" \/><\/div><\/div><\/div><br \/>\n<section  class='av_textblock_section av-jww3bgun-82a7b70d6ec9bbee3049d294ebfb09df '   itemscope=\"itemscope\" itemtype=\"https:\/\/schema.org\/CreativeWork\" ><div class='avia_textblock'  itemprop=\"text\" ><h3 class=\"av-special-heading-tag \"><span style=\"color: #000000;\">Precios y detalles de nuestras rutas: haga clic para abrir o cerrar&#8230;<\/span><\/h3>\n<\/div><\/section><br \/>\n<div  class='togglecontainer av-1qouta5-2d0708dcfb0e5c42834ed3b6e41c0482 av-elegant-toggle  avia-builder-el-6  el_after_av_textblock  avia-builder-el-last ' >\n<section class='av_toggle_section av-94incj-6bc80f314dd4da77ac3ecd8c1f20c78a'  itemscope=\"itemscope\" itemtype=\"https:\/\/schema.org\/CreativeWork\" ><div role=\"tablist\" class=\"single_toggle\" data-tags=\"{Todo} \"  ><p id='toggle-toggle-id-1' data-fake-id='#toggle-id-1' class='toggler  av-title-above '  itemprop=\"headline\"  role='tab' tabindex='0' aria-controls='toggle-id-1' data-slide-speed=\"200\" data-title=\"&lt;strong&gt;VITRAC\/BEYNAC&lt;\/strong&gt;: 15km - Aproximadamente 2h30 de navegaci\u00f3n + paradas\" data-title-open=\"\" data-aria_collapsed=\"Click to expand: &lt;strong&gt;VITRAC\/BEYNAC&lt;\/strong&gt;: 15km - Aproximadamente 2h30 de navegaci\u00f3n + paradas\" data-aria_expanded=\"Click to collapse: &lt;strong&gt;VITRAC\/BEYNAC&lt;\/strong&gt;: 15km - Aproximadamente 2h30 de navegaci\u00f3n + paradas\"><strong>VITRAC\/BEYNAC<\/strong>: 15km - Aproximadamente 2h30 de navegaci\u00f3n + paradas<span class=\"toggle_icon\"><span class=\"vert_icon\"><\/span><span class=\"hor_icon\"><\/span><\/span><\/p><div id='toggle-id-1' aria-labelledby='toggle-toggle-id-1' role='region' class='toggle_wrap  av-title-above'  ><div class='toggle_content invers-color '  itemprop=\"text\" ><p><strong><span style=\"color: #ff0000;\">TARIFAS ALQUILER:<\/span><br \/>\n<\/strong><strong>Canoa<\/strong> (2 o 3 plazas): 24 \u20ac\/pers.<strong><br \/>\nNi\u00f1o de 5 a 12 a\u00f1os <\/strong>sentado en el centro de la canoa: 14 \u20ac<strong><br \/>\nCanoa 4 plazas<\/strong> (2 adultos + 2 ni\u00f1os entre 5 y 10 a\u00f1os, tarifa especial barco familiar): 68 \u20ac no sujeta a descuentos.<strong><br \/>\nKayak<\/strong> (1 plaza): 30 \u20ac\/pers.<strong><br \/>\nBid\u00f3n estanco<\/strong>: 3 \u20ac<\/p>\n<h4>Circuito de canoa tur\u00edstica que atraviesa pueblos y castillos, acantilados de Pendoilles, La Roque Gageac, Castillo de la Malartrie, de Castelnaud y de Fayrac. Llegada al centro del pueblo de Beynac.<\/h4>\n<p><strong>&gt; Parking Vitrac <\/strong><a href=\"https:\/\/goo.gl\/maps\/uPeXBcscKNJHgMfy6\" target=\"_blank\" rel=\"noopener noreferrer\">(Mapa de acceso a la base de Vitrac&#8230;)<\/a><br \/>\nParking privado con sombra. Ba\u00f1o, bar, snack en el lugar.<br \/>\nAlquiler permanente de 09:00 h a 16:00 h (seg\u00fan el per\u00edodo)<br \/>\nRegreso cada hora en autob\u00fas de 13:00 h a 19:00 h (seg\u00fan el per\u00edodo)<\/p>\n<p><strong>&gt; Parking Beynac*<\/strong> <a href=\"https:\/\/goo.gl\/maps\/E2TcWcypmD7vzhpZ8\" target=\"_blank\" rel=\"noopener noreferrer\">(Mapa de acceso a la base de Beynac&#8230;)<\/a><br \/>\nSalidas de los autobuses: 09:00 h \/ 10:00 h \/ 11:00 h \/ 12:00 h \/ 13:00 h \/ 14:00 h \/ 15:00 h.<br \/>\nPresentarse a la oficina 30 minutos antes, situada entre el Parking de la Balme y el Restaurante Maleville, abajo de la escalera.<br \/>\n<em>*Parkings de La Balme, Les Escarssols, Le Crouzet N\u00b01, Place d\u2019Alsace<br \/>\nParkings de pago de 8:00 h a 19:00 h.<br \/>\nTarifas parking: 2 h 30 min. = 3 \u20ac, 4 h = 4 \u20ac, 6 h = 5 \u20ac, 8 h = 6 \u20ac, 11 = 25,00 \u20ac<br \/>\n\u00danico parking gratuito: Le Crouzet N\u00b0 2<br \/>\n(Los tickets para el parking son v\u00e1lidos en todos los parkings de Beynac)<\/em><\/p>\n<p><div  class='avia-button-wrap av-fhpty5-d72e3f4f05127f44bcec94e066a9c188-wrap avia-button-  avia-builder-el-7  el_before_av_button  avia-builder-el-first '>\n<style type=\"text\/css\" data-created_by=\"avia_inline_auto\" id=\"style-css-av-fhpty5-d72e3f4f05127f44bcec94e066a9c188\">\n#top #wrap_all .avia-button.av-fhpty5-d72e3f4f05127f44bcec94e066a9c188{\nbackground-color:#009037;;\nborder-color:#009037;;\ncolor:#ffffff;\ntransition:all 0.4s ease-in-out;\n}\n#top #wrap_all .avia-button.av-fhpty5-d72e3f4f05127f44bcec94e066a9c188 .avia-svg-icon svg:first-child{\nfill:#ffffff;\nstroke:#ffffff;\n}\n<\/style>\n<a href='https:\/\/www.perigordaventureloisirs.com\/es\/informacion-practica-canoe-dordogne'  class='avia-button av-fhpty5-d72e3f4f05127f44bcec94e066a9c188 av-link-btn avia-icon_select-yes-left-icon avia-size-small avia-position-'   aria-label=\"Informaci\u00f3n pr\u00e1ctica\"><span class='avia_button_icon avia_button_icon_left avia-iconfont avia-font-entypo-fontello' data-av_icon='\ue832' data-av_iconfont='entypo-fontello' ><\/span><span class='avia_iconbox_title' >Informaci\u00f3n pr\u00e1ctica<\/span><\/a><\/div> <div  class='avia-button-wrap av-fhpty5-10-5f577c919cb3451ba512e9c77975c89b-wrap avia-button-  avia-builder-el-8  el_after_av_button  el_before_av_button '>\n<style type=\"text\/css\" data-created_by=\"avia_inline_auto\" id=\"style-css-av-fhpty5-10-5f577c919cb3451ba512e9c77975c89b\">\n#top #wrap_all .avia-button.av-fhpty5-10-5f577c919cb3451ba512e9c77975c89b{\nbackground-color:#e2001a;\nborder-color:#e2001a;\ncolor:#ffffff;\ntransition:all 0.4s ease-in-out;\n}\n#top #wrap_all .avia-button.av-fhpty5-10-5f577c919cb3451ba512e9c77975c89b .avia-svg-icon svg:first-child{\nfill:#ffffff;\nstroke:#ffffff;\n}\n<\/style>\n<a href='https:\/\/reservations.perigordaventureloisirs.com\/activite\/canoe-vitrac-beynac'  class='avia-button av-fhpty5-10-5f577c919cb3451ba512e9c77975c89b av-link-btn avia-icon_select-yes-left-icon avia-size-small avia-position-'  target=\"_blank\"  rel=\"noopener noreferrer\"  aria-label=\"Reservar\"><span class='avia_button_icon avia_button_icon_left avia-iconfont avia-font-entypo-fontello' data-av_icon='\ue832' data-av_iconfont='entypo-fontello' ><\/span><span class='avia_iconbox_title' >Reservar<\/span><\/a><\/div><\/p>\n<\/div><\/div><\/div><\/section>\n<section class='av_toggle_section av-769a8z-b608c2d75f01d34fe5c395aad10a1d6c'  itemscope=\"itemscope\" itemtype=\"https:\/\/schema.org\/CreativeWork\" ><div role=\"tablist\" class=\"single_toggle\" data-tags=\"{Todo} \"  ><p id='toggle-toggle-id-2' data-fake-id='#toggle-id-2' class='toggler  av-title-above '  itemprop=\"headline\"  role='tab' tabindex='0' aria-controls='toggle-id-2' data-slide-speed=\"200\" data-title=\"&lt;strong&gt;CARSAC\/BEYNAC&lt;\/strong&gt;: 22km - Aproximadamente 3h30 de navegaci\u00f3n + paradas\" data-title-open=\"\" data-aria_collapsed=\"Click to expand: &lt;strong&gt;CARSAC\/BEYNAC&lt;\/strong&gt;: 22km - Aproximadamente 3h30 de navegaci\u00f3n + paradas\" data-aria_expanded=\"Click to collapse: &lt;strong&gt;CARSAC\/BEYNAC&lt;\/strong&gt;: 22km - Aproximadamente 3h30 de navegaci\u00f3n + paradas\"><strong>CARSAC\/BEYNAC<\/strong>: 22km - Aproximadamente 3h30 de navegaci\u00f3n + paradas<span class=\"toggle_icon\"><span class=\"vert_icon\"><\/span><span class=\"hor_icon\"><\/span><\/span><\/p><div id='toggle-id-2' aria-labelledby='toggle-toggle-id-2' role='region' class='toggle_wrap  av-title-above'  ><div class='toggle_content invers-color '  itemprop=\"text\" ><p><strong><span style=\"color: #ff0000;\">TARIFAS ALQUILER:<\/span><br \/>\n<\/strong><strong>Canoa<\/strong> (2 o 3 plazas): 30 \u20ac\/pers.<strong><br \/>\nNi\u00f1o de 5 a 12 a\u00f1os<\/strong> sentado en el centro de la canoa: 20 \u20ac<strong><br \/>\nCanoa 4 plazas<\/strong> (2 adultos + 2 ni\u00f1os entre 5 y 10 a\u00f1os, tarifa especial barco familiar): 80 \u20ac no sujeta a descuentos.<strong><br \/>\nKayak<\/strong> (1 plaza): 35 \u20ac\/pers.<strong><br \/>\nBid\u00f3n estanco<\/strong>: 3 \u20ac<\/p>\n<h4>Circuito tur\u00edstico de canoa que atraviesa pueblos y castillos, Cingle de Montfort, Noyeraie de Turnac, castillo de Montfort, acantilados de Vitrac, acantilados de Pendoilles, La Roque Gageac, Castillo de la Malartrie, de Castelnaud y de Fayrac. Llegada al centro del pueblo de Beynac.<\/h4>\n<p><em>Presentarse 15 minutos antes de la salida.<\/em><\/p>\n<p><strong>&gt; Parking Vitrac <\/strong> <a href=\"https:\/\/goo.gl\/maps\/uPeXBcscKNJHgMfy6\/\" target=\"_blank\" rel=\"noopener noreferrer\">(Mapa de acceso a la base de Vitrac&#8230;)<\/a><br \/>\nParking privado con sombra. Ba\u00f1o, bar, snack en el lugar.<br \/>\nSalida del autob\u00fas: 9:30 h \/ 10:30 h \/ 11:30 h \/ 13:30 h<br \/>\nRegrese cada hora en autob\u00fas de 13:00 a 19:00<\/p>\n<p><strong>&gt; Parking Beynac*<\/strong> <a href=\"https:\/\/goo.gl\/maps\/E2TcWcypmD7vzhpZ8\" target=\"_blank\" rel=\"noopener noreferrer\">(Mapa de acceso a la base de Beynac&#8230;)<\/a><br \/>\nSalidas de los autobuses: 09:00 h \/ 10:00 h \/ 11:00 h \/ 13:00 h<br \/>\nPresentarse a la oficina 30 minutos antes, situada entre el Parking de la Balme y el Restaurante Maleville, abajo de la escalera.<br \/>\n<em>*Parkings de La Balme, Les Escarssols, Le Crouzet N\u00b01, Place d\u2019Alsace<br \/>\nParkings de pago de 8:00 h a 19:00 h.<br \/>\nTarifas parking: 2 h 30 min. = 3 \u20ac, 4 h = 4 \u20ac, 6 h = 5 \u20ac, 8 h = 6 \u20ac, 11 = 25,00 \u20ac<br \/>\n\u00danico parking gratuito: Le Crouzet N\u00b0 2<br \/>\n(Los tickets para el parking son v\u00e1lidos en todos los parkings de Beynac)<\/em><\/p>\n<p><div  class='avia-button-wrap av-fhpty5-9-265a4d6958d97a6227a00b33961c49fb-wrap avia-button-  avia-builder-el-9  el_after_av_button  el_before_av_button '>\n<style type=\"text\/css\" data-created_by=\"avia_inline_auto\" id=\"style-css-av-fhpty5-9-265a4d6958d97a6227a00b33961c49fb\">\n#top #wrap_all .avia-button.av-fhpty5-9-265a4d6958d97a6227a00b33961c49fb{\nbackground-color:#009037;;\nborder-color:#009037;;\ncolor:#ffffff;\ntransition:all 0.4s ease-in-out;\n}\n#top #wrap_all .avia-button.av-fhpty5-9-265a4d6958d97a6227a00b33961c49fb .avia-svg-icon svg:first-child{\nfill:#ffffff;\nstroke:#ffffff;\n}\n<\/style>\n<a href=''  class='avia-button av-fhpty5-9-265a4d6958d97a6227a00b33961c49fb av-link-btn avia-icon_select-yes-left-icon avia-size-small avia-position-'   aria-label=\"Informaci\u00f3n pr\u00e1ctica\"><span class='avia_button_icon avia_button_icon_left avia-iconfont avia-font-entypo-fontello' data-av_icon='\ue832' data-av_iconfont='entypo-fontello' ><\/span><span class='avia_iconbox_title' >Informaci\u00f3n pr\u00e1ctica<\/span><\/a><\/div> <div  class='avia-button-wrap av-fhpty5-8-16037dc26d11600dde9cd690d3d4031a-wrap avia-button-  avia-builder-el-10  el_after_av_button  el_before_av_button '>\n<style type=\"text\/css\" data-created_by=\"avia_inline_auto\" id=\"style-css-av-fhpty5-8-16037dc26d11600dde9cd690d3d4031a\">\n#top #wrap_all .avia-button.av-fhpty5-8-16037dc26d11600dde9cd690d3d4031a{\nbackground-color:#e2001a;\nborder-color:#e2001a;\ncolor:#ffffff;\ntransition:all 0.4s ease-in-out;\n}\n#top #wrap_all .avia-button.av-fhpty5-8-16037dc26d11600dde9cd690d3d4031a .avia-svg-icon svg:first-child{\nfill:#ffffff;\nstroke:#ffffff;\n}\n<\/style>\n<a href='https:\/\/reservations.perigordaventureloisirs.com\/activite\/canoe-carsac-beynac'  class='avia-button av-fhpty5-8-16037dc26d11600dde9cd690d3d4031a av-link-btn avia-icon_select-yes-left-icon avia-size-small avia-position-'  target=\"_blank\"  rel=\"noopener noreferrer\"  aria-label=\"Reservar\"><span class='avia_button_icon avia_button_icon_left avia-iconfont avia-font-entypo-fontello' data-av_icon='\ue832' data-av_iconfont='entypo-fontello' ><\/span><span class='avia_iconbox_title' >Reservar<\/span><\/a><\/div><\/p>\n<\/div><\/div><\/div><\/section>\n<section class='av_toggle_section av-k8m0z-2179759f065286ed060d458bdcab62aa'  itemscope=\"itemscope\" itemtype=\"https:\/\/schema.org\/CreativeWork\" ><div role=\"tablist\" class=\"single_toggle\" data-tags=\"{Todo} \"  ><p id='toggle-toggle-id-3' data-fake-id='#toggle-id-3' class='toggler  av-title-above '  itemprop=\"headline\"  role='tab' tabindex='0' aria-controls='toggle-id-3' data-slide-speed=\"200\" data-title=\"&lt;strong&gt;CARSAC\/VITRAC&lt;\/strong&gt;: 7km - Aproximadamente 1h00 de navegaci\u00f3n + paradas\" data-title-open=\"\" data-aria_collapsed=\"Click to expand: &lt;strong&gt;CARSAC\/VITRAC&lt;\/strong&gt;: 7km - Aproximadamente 1h00 de navegaci\u00f3n + paradas\" data-aria_expanded=\"Click to collapse: &lt;strong&gt;CARSAC\/VITRAC&lt;\/strong&gt;: 7km - Aproximadamente 1h00 de navegaci\u00f3n + paradas\"><strong>CARSAC\/VITRAC<\/strong>: 7km - Aproximadamente 1h00 de navegaci\u00f3n + paradas<span class=\"toggle_icon\"><span class=\"vert_icon\"><\/span><span class=\"hor_icon\"><\/span><\/span><\/p><div id='toggle-id-3' aria-labelledby='toggle-toggle-id-3' role='region' class='toggle_wrap  av-title-above'  ><div class='toggle_content invers-color '  itemprop=\"text\" ><p><strong><span style=\"color: #ff0000;\">TARIFAS ALQUILER:<\/span><br \/>\nCanoa<\/strong> (2 o 3 plazas): 20 \u20ac\/pers.<strong><br \/>\nNi\u00f1o de 5 a 12 a\u00f1os<\/strong> sentado en el centro de la canoa: 10 \u20ac<strong><br \/>\nKayak<\/strong> (1 plaza): 22 \u20ac\/pers.<strong><br \/>\nBid\u00f3n estanco<\/strong>: 3 \u20ac<\/p>\n<h4>En su recorrido en canoa: Cingle de Montfort, Noyeraie de Turnac, castillo de Montfort y acantilado de Vitrac.<\/h4>\n<p><em>Presentarse 15 minutos antes de la salida.<\/em><\/p>\n<p><strong>&gt; Parking Vitrac<\/strong> <a href=\"https:\/\/goo.gl\/maps\/uPeXBcscKNJHgMfy6\/\" target=\"_blank\" rel=\"noopener noreferrer\">(Mapa de acceso a la base de Vitrac&#8230;)<\/a><br \/>\nParking privado con sombra. Ba\u00f1o, bar, snack en el lugar.<br \/>\nSalida del autob\u00fas: 9:30 h. \/ 10:30 h \/ 11:30 h \/ 13:30 h. Para las salidas de la tarde: preguntar.<\/p>\n<p><div  class='avia-button-wrap av-fhpty5-7-70bacae279258d9113a3051bed01ac7f-wrap avia-button-  avia-builder-el-11  el_after_av_button  el_before_av_button '>\n<style type=\"text\/css\" data-created_by=\"avia_inline_auto\" id=\"style-css-av-fhpty5-7-70bacae279258d9113a3051bed01ac7f\">\n#top #wrap_all .avia-button.av-fhpty5-7-70bacae279258d9113a3051bed01ac7f{\nbackground-color:#009037;;\nborder-color:#009037;;\ncolor:#ffffff;\ntransition:all 0.4s ease-in-out;\n}\n#top #wrap_all .avia-button.av-fhpty5-7-70bacae279258d9113a3051bed01ac7f .avia-svg-icon svg:first-child{\nfill:#ffffff;\nstroke:#ffffff;\n}\n<\/style>\n<a href='https:\/\/www.perigordaventureloisirs.com\/es\/informacion-practica-canoe-dordogne\/'  class='avia-button av-fhpty5-7-70bacae279258d9113a3051bed01ac7f av-link-btn avia-icon_select-yes-left-icon avia-size-small avia-position-'   aria-label=\"Informaci\u00f3n pr\u00e1ctica\"><span class='avia_button_icon avia_button_icon_left avia-iconfont avia-font-entypo-fontello' data-av_icon='\ue832' data-av_iconfont='entypo-fontello' ><\/span><span class='avia_iconbox_title' >Informaci\u00f3n pr\u00e1ctica<\/span><\/a><\/div> <div  class='avia-button-wrap av-fhpty5-6-88acb1de700bf759ae1473f50678acb9-wrap avia-button-  avia-builder-el-12  el_after_av_button  el_before_av_button '>\n<style type=\"text\/css\" data-created_by=\"avia_inline_auto\" id=\"style-css-av-fhpty5-6-88acb1de700bf759ae1473f50678acb9\">\n#top #wrap_all .avia-button.av-fhpty5-6-88acb1de700bf759ae1473f50678acb9{\nbackground-color:#e2001a;\nborder-color:#e2001a;\ncolor:#ffffff;\ntransition:all 0.4s ease-in-out;\n}\n#top #wrap_all .avia-button.av-fhpty5-6-88acb1de700bf759ae1473f50678acb9 .avia-svg-icon svg:first-child{\nfill:#ffffff;\nstroke:#ffffff;\n}\n<\/style>\n<a href='https:\/\/reservations.perigordaventureloisirs.com\/activite\/canoe-carsac-vitrac'  class='avia-button av-fhpty5-6-88acb1de700bf759ae1473f50678acb9 av-link-btn avia-icon_select-yes-left-icon avia-size-small avia-position-'  target=\"_blank\"  rel=\"noopener noreferrer\"  aria-label=\"Reservar\"><span class='avia_button_icon avia_button_icon_left avia-iconfont avia-font-entypo-fontello' data-av_icon='\ue832' data-av_iconfont='entypo-fontello' ><\/span><span class='avia_iconbox_title' >Reservar<\/span><\/a><\/div><\/p>\n<\/div><\/div><\/div><\/section>\n<section class='av_toggle_section av-4fwh43-48714ba36ab4fc582426e2444057aa49'  itemscope=\"itemscope\" itemtype=\"https:\/\/schema.org\/CreativeWork\" ><div role=\"tablist\" class=\"single_toggle\" data-tags=\"{Todo} \"  ><p id='toggle-toggle-id-4' data-fake-id='#toggle-id-4' class='toggler  av-title-above '  itemprop=\"headline\"  role='tab' tabindex='0' aria-controls='toggle-id-4' data-slide-speed=\"200\" data-title=\"&lt;strong&gt;SAINT-JULIEN DE LAMPON\/VITRAC&lt;\/strong&gt;: 17km - Aproximadamente 3h00 de navegaci\u00f3n + paradas\" data-title-open=\"\" data-aria_collapsed=\"Click to expand: &lt;strong&gt;SAINT-JULIEN DE LAMPON\/VITRAC&lt;\/strong&gt;: 17km - Aproximadamente 3h00 de navegaci\u00f3n + paradas\" data-aria_expanded=\"Click to collapse: &lt;strong&gt;SAINT-JULIEN DE LAMPON\/VITRAC&lt;\/strong&gt;: 17km - Aproximadamente 3h00 de navegaci\u00f3n + paradas\"><strong>SAINT-JULIEN DE LAMPON\/VITRAC<\/strong>: 17km - Aproximadamente 3h00 de navegaci\u00f3n + paradas<span class=\"toggle_icon\"><span class=\"vert_icon\"><\/span><span class=\"hor_icon\"><\/span><\/span><\/p><div id='toggle-id-4' aria-labelledby='toggle-toggle-id-4' role='region' class='toggle_wrap  av-title-above'  ><div class='toggle_content invers-color '  itemprop=\"text\" ><p><strong><span style=\"color: #ff0000;\">TARIFAS ALQUILER:<\/span><br \/>\nCanoa<\/strong> (2 o 3 plazas): 30 \u20ac\/pers.<strong><br \/>\nNi\u00f1o de 5 a 12 a\u00f1os<\/strong> sentado en el centro de la canoa: 20 \u20ac<br \/>\n<strong>Kayak<\/strong> (1 plaza): 32 \u20ac\/pers.<strong><br \/>\nBid\u00f3n estanco<\/strong>: 3 \u20ac<\/p>\n<h4>Parte salvaje del valle a descubrir en canoa, el Cingle de Montfort, La Noyeraie de Turnac, el castillo de Montfort y el acantilado de Vitrac.<\/h4>\n<p><em>Presentarse 15 minutos antes de la salida.<\/em><\/p>\n<p><strong>&gt; Parking Vitrac<\/strong> <a href=\"https:\/\/goo.gl\/maps\/uPeXBcscKNJHgMfy6\/\" target=\"_blank\" rel=\"noopener noreferrer\">(Mapa de acceso a la base de Vitrac&#8230;)<\/a><br \/>\nParking privado con sombra. Ba\u00f1o, bar, snack en el lugar.<br \/>\nSalida en autob\u00fas a las 9:30\/ 10:30 (otras salidas preguntar)<\/p>\n<p><div  class='avia-button-wrap av-fhpty5-5-27985631ac9ab44edc8279a20a17ce69-wrap avia-button-  avia-builder-el-13  el_after_av_button  el_before_av_button '>\n<style type=\"text\/css\" data-created_by=\"avia_inline_auto\" id=\"style-css-av-fhpty5-5-27985631ac9ab44edc8279a20a17ce69\">\n#top #wrap_all .avia-button.av-fhpty5-5-27985631ac9ab44edc8279a20a17ce69{\nbackground-color:#009037;;\nborder-color:#009037;;\ncolor:#ffffff;\ntransition:all 0.4s ease-in-out;\n}\n#top #wrap_all .avia-button.av-fhpty5-5-27985631ac9ab44edc8279a20a17ce69 .avia-svg-icon svg:first-child{\nfill:#ffffff;\nstroke:#ffffff;\n}\n<\/style>\n<a href='https:\/\/www.perigordaventureloisirs.com\/es\/informacion-practica-canoe-dordogne\/'  class='avia-button av-fhpty5-5-27985631ac9ab44edc8279a20a17ce69 av-link-btn avia-icon_select-yes-left-icon avia-size-small avia-position-'   aria-label=\"Informaci\u00f3n pr\u00e1ctica\"><span class='avia_button_icon avia_button_icon_left avia-iconfont avia-font-entypo-fontello' data-av_icon='\ue832' data-av_iconfont='entypo-fontello' ><\/span><span class='avia_iconbox_title' >Informaci\u00f3n pr\u00e1ctica<\/span><\/a><\/div> <div  class='avia-button-wrap av-fhpty5-4-58a68e4b6906161222bed5292e8afeb1-wrap avia-button-  avia-builder-el-14  el_after_av_button  el_before_av_button '>\n<style type=\"text\/css\" data-created_by=\"avia_inline_auto\" id=\"style-css-av-fhpty5-4-58a68e4b6906161222bed5292e8afeb1\">\n#top #wrap_all .avia-button.av-fhpty5-4-58a68e4b6906161222bed5292e8afeb1{\nbackground-color:#e2001a;\nborder-color:#e2001a;\ncolor:#ffffff;\ntransition:all 0.4s ease-in-out;\n}\n#top #wrap_all .avia-button.av-fhpty5-4-58a68e4b6906161222bed5292e8afeb1 .avia-svg-icon svg:first-child{\nfill:#ffffff;\nstroke:#ffffff;\n}\n<\/style>\n<a href='https:\/\/reservations.perigordaventureloisirs.com\/activite\/canoe-st-julien-vitrac'  class='avia-button av-fhpty5-4-58a68e4b6906161222bed5292e8afeb1 av-link-btn avia-icon_select-yes-left-icon avia-size-small avia-position-'  target=\"_blank\"  rel=\"noopener noreferrer\"  aria-label=\"Reservar\"><span class='avia_button_icon avia_button_icon_left avia-iconfont avia-font-entypo-fontello' data-av_icon='\ue832' data-av_iconfont='entypo-fontello' ><\/span><span class='avia_iconbox_title' >Reservar<\/span><\/a><\/div><\/p>\n<\/div><\/div><\/div><\/section>\n<section class='av_toggle_section av-2fhqir-067f137d60791c5d30aa94da26161a98'  itemscope=\"itemscope\" itemtype=\"https:\/\/schema.org\/CreativeWork\" ><div role=\"tablist\" class=\"single_toggle\" data-tags=\"{Todo} \"  ><p id='toggle-toggle-id-5' data-fake-id='#toggle-id-5' class='toggler  av-title-above '  itemprop=\"headline\"  role='tab' tabindex='0' aria-controls='toggle-id-5' data-slide-speed=\"200\" data-title=\"&lt;strong&gt;SAINT-JULIEN DE LAMPON\/BEYNAC&lt;\/strong&gt;: 32km - Aproximadamente 5h00 de navegaci\u00f3n + paradas\" data-title-open=\"\" data-aria_collapsed=\"Click to expand: &lt;strong&gt;SAINT-JULIEN DE LAMPON\/BEYNAC&lt;\/strong&gt;: 32km - Aproximadamente 5h00 de navegaci\u00f3n + paradas\" data-aria_expanded=\"Click to collapse: &lt;strong&gt;SAINT-JULIEN DE LAMPON\/BEYNAC&lt;\/strong&gt;: 32km - Aproximadamente 5h00 de navegaci\u00f3n + paradas\"><strong>SAINT-JULIEN DE LAMPON\/BEYNAC<\/strong>: 32km - Aproximadamente 5h00 de navegaci\u00f3n + paradas<span class=\"toggle_icon\"><span class=\"vert_icon\"><\/span><span class=\"hor_icon\"><\/span><\/span><\/p><div id='toggle-id-5' aria-labelledby='toggle-toggle-id-5' role='region' class='toggle_wrap  av-title-above'  ><div class='toggle_content invers-color '  itemprop=\"text\" ><p><strong><span style=\"color: #ff0000;\">TARIFAS ALQUILER:<\/span><br \/>\nCanoa<\/strong> (2 o 3 plazas): 36 \u20ac\/pers.<strong><br \/>\nNi\u00f1o de 5 a 12 a\u00f1os<\/strong> sentado en el centro de la canoa: 26 \u20ac<strong><br \/>\nKayak<\/strong> (1 plaza): 38 \u20ac\/pers.<strong><br \/>\nBid\u00f3n estanco<\/strong>: 3<\/p>\n<h4>Parte salvaje del valle a descubrir en canoa, el Cingle de Montfort, La Noyeraie de Turnac, el castillo de Montfort y el acantilado de Vitrac, acantilados de Pendoilles, La Roque Gageac, Castillo de la Malartrie, de Castelnaud y de Fayrac. Llegada al centro del pueblo de Beynac.<\/h4>\n<p><em>Presentarse 15 minutos antes de la salida.<\/em><\/p>\n<p><strong>&gt; Parking Vitrac<\/strong> <a href=\"https:\/\/goo.gl\/maps\/uPeXBcscKNJHgMfy6\/\" target=\"_blank\" rel=\"noopener noreferrer\">(Mapa de acceso a la base de Vitrac&#8230;)<\/a><br \/>\nParking privado con sombra. Ba\u00f1o, bar, snack en el lugar.<br \/>\nSalidas en autob\u00fas a las 9:30 y 10:30<br \/>\nRegreso en autob\u00fas de 13:00 a 19:00.<\/p>\n<p><strong>&gt; Parking Beynac*<\/strong> <a href=\"https:\/\/goo.gl\/maps\/E2TcWcypmD7vzhpZ8\" target=\"_blank\" rel=\"noopener noreferrer\">(Mapa de acceso a la base de Beynac&#8230;)<\/a><br \/>\nSalidas en autob\u00fas a las 9:00 y 10:00<br \/>\nPresentarse a la oficina 15 minutos antes, situada entre el Parking de la Balme y el Restaurante Maleville, abajo de la escalera.<br \/>\n<em>*Parkings de La Balme, Les Escarssols, Le Crouzet N\u00b01, Place d\u2019Alsace<br \/>\nParkings de pago de 8:00 h a 19:00 h.<br \/>\nTarifas parking: 2 h 30 min. = 3 \u20ac, 4 h = 4 \u20ac, 6 h = 5 \u20ac, 8 h = 6 \u20ac, 11 = 25,00 \u20ac<br \/>\n\u00danico parking gratuito: Le Crouzet N\u00b0 2<br \/>\n(Los tickets para el parking son v\u00e1lidos en todos los parkings de Beynac)<\/em><\/p>\n<p><div  class='avia-button-wrap av-fhpty5-3-e7b9b3de2adf840d8561c73ab74fceec-wrap avia-button-  avia-builder-el-15  el_after_av_button  el_before_av_button '>\n<style type=\"text\/css\" data-created_by=\"avia_inline_auto\" id=\"style-css-av-fhpty5-3-e7b9b3de2adf840d8561c73ab74fceec\">\n#top #wrap_all .avia-button.av-fhpty5-3-e7b9b3de2adf840d8561c73ab74fceec{\nbackground-color:#009037;;\nborder-color:#009037;;\ncolor:#ffffff;\ntransition:all 0.4s ease-in-out;\n}\n#top #wrap_all .avia-button.av-fhpty5-3-e7b9b3de2adf840d8561c73ab74fceec .avia-svg-icon svg:first-child{\nfill:#ffffff;\nstroke:#ffffff;\n}\n<\/style>\n<a href='https:\/\/www.perigordaventureloisirs.com\/es\/informacion-practica-canoe-dordogne\/'  class='avia-button av-fhpty5-3-e7b9b3de2adf840d8561c73ab74fceec av-link-btn avia-icon_select-yes-left-icon avia-size-small avia-position-'   aria-label=\"Informaci\u00f3n pr\u00e1ctica\"><span class='avia_button_icon avia_button_icon_left avia-iconfont avia-font-entypo-fontello' data-av_icon='\ue832' data-av_iconfont='entypo-fontello' ><\/span><span class='avia_iconbox_title' >Informaci\u00f3n pr\u00e1ctica<\/span><\/a><\/div> <div  class='avia-button-wrap av-fhpty5-2-845932dec651b4f1581ca2e92a62faad-wrap avia-button-  avia-builder-el-16  el_after_av_button  el_before_av_button '>\n<style type=\"text\/css\" data-created_by=\"avia_inline_auto\" id=\"style-css-av-fhpty5-2-845932dec651b4f1581ca2e92a62faad\">\n#top #wrap_all .avia-button.av-fhpty5-2-845932dec651b4f1581ca2e92a62faad{\nbackground-color:#e2001a;\nborder-color:#e2001a;\ncolor:#ffffff;\ntransition:all 0.4s ease-in-out;\n}\n#top #wrap_all .avia-button.av-fhpty5-2-845932dec651b4f1581ca2e92a62faad .avia-svg-icon svg:first-child{\nfill:#ffffff;\nstroke:#ffffff;\n}\n<\/style>\n<a href='https:\/\/reservations.perigordaventureloisirs.com\/activite\/canoe-st-julien-beynac'  class='avia-button av-fhpty5-2-845932dec651b4f1581ca2e92a62faad av-link-btn avia-icon_select-yes-left-icon avia-size-small avia-position-'  target=\"_blank\"  rel=\"noopener noreferrer\"  aria-label=\"Reservar\"><span class='avia_button_icon avia_button_icon_left avia-iconfont avia-font-entypo-fontello' data-av_icon='\ue832' data-av_iconfont='entypo-fontello' ><\/span><span class='avia_iconbox_title' >Reservar<\/span><\/a><\/div><\/p>\n<\/div><\/div><\/div><\/section>\n<section class='av_toggle_section av-k8m0z-6-54d502f62de2160bb3d6862f55a26669'  itemscope=\"itemscope\" itemtype=\"https:\/\/schema.org\/CreativeWork\" ><div role=\"tablist\" class=\"single_toggle\" data-tags=\"{Todo} \"  ><p id='toggle-toggle-id-6' data-fake-id='#toggle-id-6' class='toggler  av-title-above '  itemprop=\"headline\"  role='tab' tabindex='0' aria-controls='toggle-id-6' data-slide-speed=\"200\" data-title=\"&lt;strong&gt;VITRAC\/LA MALARTRIE&lt;\/strong&gt;: 7km - Aproximadamente 1h15 hora de navegaci\u00f3n + paradas\" data-title-open=\"\" data-aria_collapsed=\"Click to expand: &lt;strong&gt;VITRAC\/LA MALARTRIE&lt;\/strong&gt;: 7km - Aproximadamente 1h15 hora de navegaci\u00f3n + paradas\" data-aria_expanded=\"Click to collapse: &lt;strong&gt;VITRAC\/LA MALARTRIE&lt;\/strong&gt;: 7km - Aproximadamente 1h15 hora de navegaci\u00f3n + paradas\"><strong>VITRAC\/LA MALARTRIE<\/strong>: 7km - Aproximadamente 1h15 hora de navegaci\u00f3n + paradas<span class=\"toggle_icon\"><span class=\"vert_icon\"><\/span><span class=\"hor_icon\"><\/span><\/span><\/p><div id='toggle-id-6' aria-labelledby='toggle-toggle-id-6' role='region' class='toggle_wrap  av-title-above'  ><div class='toggle_content invers-color '  itemprop=\"text\" ><p><strong><span style=\"color: #ff0000;\">TARIFAS ALQUILER:<\/span><br \/>\nCanoa<\/strong> (2 o 3 plazas): 20 \u20ac\/pers.<strong><br \/>\nNi\u00f1o de 5 a 12 a\u00f1os<\/strong> sentado en el centro de la canoa: 10 \u20ac<strong><br \/>\nKayak<\/strong> (1 plaza): 22 \u20ac\/pers.<strong><br \/>\nBid\u00f3n estanco<\/strong>: 3 \u20ac<\/p>\n<h4>En su recorrido en canoa: descubrimiento del r\u00edo y llegada a La Roque-Gageac, uno de los pueblos m\u00e1s bellos de Francia.<\/h4>\n<p><strong>&gt; Parking Vitrac<\/strong> <a href=\"https:\/\/goo.gl\/maps\/uPeXBcscKNJHgMfy6\/\" target=\"_blank\" rel=\"noopener noreferrer\">(Mapa de acceso a la base de Vitrac&#8230;)<\/a><br \/>\nParking privado con sombra. Ba\u00f1o, bar, snack en el lugar.<br \/>\nSalida continua de 9:30 a 17:00. Regreso en autob\u00fas cada hora de 11:00 a 19:00.<\/p>\n<p><div  class='avia-button-wrap av-fhpty5-7-5-ae9ab8b16a1103be4c9810f45f93f4f9-wrap avia-button-  avia-builder-el-17  el_after_av_button  el_before_av_button '>\n<style type=\"text\/css\" data-created_by=\"avia_inline_auto\" id=\"style-css-av-fhpty5-7-5-ae9ab8b16a1103be4c9810f45f93f4f9\">\n#top #wrap_all .avia-button.av-fhpty5-7-5-ae9ab8b16a1103be4c9810f45f93f4f9{\nbackground-color:#009037;;\nborder-color:#009037;;\ncolor:#ffffff;\ntransition:all 0.4s ease-in-out;\n}\n#top #wrap_all .avia-button.av-fhpty5-7-5-ae9ab8b16a1103be4c9810f45f93f4f9 .avia-svg-icon svg:first-child{\nfill:#ffffff;\nstroke:#ffffff;\n}\n<\/style>\n<a href='https:\/\/www.perigordaventureloisirs.com\/es\/informacion-practica-canoe-dordogne\/'  class='avia-button av-fhpty5-7-5-ae9ab8b16a1103be4c9810f45f93f4f9 av-link-btn avia-icon_select-yes-left-icon avia-size-small avia-position-'   aria-label=\"Informaci\u00f3n pr\u00e1ctica\"><span class='avia_button_icon avia_button_icon_left avia-iconfont avia-font-entypo-fontello' data-av_icon='\ue832' data-av_iconfont='entypo-fontello' ><\/span><span class='avia_iconbox_title' >Informaci\u00f3n pr\u00e1ctica<\/span><\/a><\/div> <div  class='avia-button-wrap av-fhpty5-6-4-0d534d3ce450ba35a6c48c5400deecec-wrap avia-button-  avia-builder-el-18  el_after_av_button  el_before_av_button '>\n<style type=\"text\/css\" data-created_by=\"avia_inline_auto\" id=\"style-css-av-fhpty5-6-4-0d534d3ce450ba35a6c48c5400deecec\">\n#top #wrap_all .avia-button.av-fhpty5-6-4-0d534d3ce450ba35a6c48c5400deecec{\nbackground-color:#e2001a;\nborder-color:#e2001a;\ncolor:#ffffff;\ntransition:all 0.4s ease-in-out;\n}\n#top #wrap_all .avia-button.av-fhpty5-6-4-0d534d3ce450ba35a6c48c5400deecec .avia-svg-icon svg:first-child{\nfill:#ffffff;\nstroke:#ffffff;\n}\n<\/style>\n<a href='https:\/\/reservations.perigordaventureloisirs.com\/activite\/canoe-vitrac-la-malartrie'  class='avia-button av-fhpty5-6-4-0d534d3ce450ba35a6c48c5400deecec av-link-btn avia-icon_select-yes-left-icon avia-size-small avia-position-'  target=\"_blank\"  rel=\"noopener noreferrer\"  aria-label=\"Reservar\"><span class='avia_button_icon avia_button_icon_left avia-iconfont avia-font-entypo-fontello' data-av_icon='\ue832' data-av_iconfont='entypo-fontello' ><\/span><span class='avia_iconbox_title' >Reservar<\/span><\/a><\/div><\/p>\n<\/div><\/div><\/div><\/section>\n<section class='av_toggle_section av-k8m0z-3-43eef7ad38f0a78d3be4d7217a130abe'  itemscope=\"itemscope\" itemtype=\"https:\/\/schema.org\/CreativeWork\" ><div role=\"tablist\" class=\"single_toggle\" data-tags=\"{Todo} \"  ><p id='toggle-toggle-id-7' data-fake-id='#toggle-id-7' class='toggler  av-title-above '  itemprop=\"headline\"  role='tab' tabindex='0' aria-controls='toggle-id-7' data-slide-speed=\"200\" data-title=\"&lt;strong&gt;BEYNAC\/ALLAS-LES-MINES&lt;\/strong&gt;: 7km - Aproximadamente 1h15 hora de navegaci\u00f3n + paradas\" data-title-open=\"\" data-aria_collapsed=\"Click to expand: &lt;strong&gt;BEYNAC\/ALLAS-LES-MINES&lt;\/strong&gt;: 7km - Aproximadamente 1h15 hora de navegaci\u00f3n + paradas\" data-aria_expanded=\"Click to collapse: &lt;strong&gt;BEYNAC\/ALLAS-LES-MINES&lt;\/strong&gt;: 7km - Aproximadamente 1h15 hora de navegaci\u00f3n + paradas\"><strong>BEYNAC\/ALLAS-LES-MINES<\/strong>: 7km - Aproximadamente 1h15 hora de navegaci\u00f3n + paradas<span class=\"toggle_icon\"><span class=\"vert_icon\"><\/span><span class=\"hor_icon\"><\/span><\/span><\/p><div id='toggle-id-7' aria-labelledby='toggle-toggle-id-7' role='region' class='toggle_wrap  av-title-above'  ><div class='toggle_content invers-color '  itemprop=\"text\" ><p><strong><span style=\"color: #ff0000;\">TARIFAS ALQUILER:<\/span><br \/>\nCanoa<\/strong> (2 o 3 plazas): 20 \u20ac\/pers.<strong><br \/>\nNi\u00f1o de 5 a 12 a\u00f1os<\/strong> sentado en el centro de la canoa: 10 \u20ac<strong><br \/>\nBid\u00f3n estanco<\/strong>: 3 \u20ac<strong><br \/>\n<\/strong><\/p>\n<h4>En su recorrido en canoa: un vistazo al Castillo de los Milandes, el Domaine de Monrecour y un regreso a la naturaleza.<\/h4>\n<p><strong>&gt; Parking Beynac*<\/strong> <a href=\"https:\/\/goo.gl\/maps\/E2TcWcypmD7vzhpZ8\" target=\"_blank\" rel=\"noopener noreferrer\">(Mapa de acceso a la base de Beynac&#8230;)<\/a><br \/>\nSalidas continuas de 9:00 a 17:00. Hora de regreso fijada para la salida.<br \/>\nPresentarse a la oficina 15 minutos antes, situada entre el Parking de la Balme y el Restaurante Maleville, abajo de la escalera.<br \/>\n<em>*Parkings de La Balme, Les Escarssols, Le Crouzet N\u00b01, Place d\u2019Alsace<br \/>\nParkings de pago de 8:00 h a 19:00 h.<br \/>\nTarifas parking: 2 h 30 min. = 3 \u20ac, 4 h = 4 \u20ac, 6 h = 5 \u20ac, 8 h = 6 \u20ac, 11 = 25,00 \u20ac<br \/>\n\u00danico parking gratuito: Le Crouzet N\u00b0 2<br \/>\n(Los tickets para el parking son v\u00e1lidos en todos los parkings de Beynac)<\/em><\/p>\n<p><div  class='avia-button-wrap av-fhpty5-7-2-d05aed1bdb7531152f37dc434e79b415-wrap avia-button-  avia-builder-el-19  el_after_av_button  el_before_av_button '>\n<style type=\"text\/css\" data-created_by=\"avia_inline_auto\" id=\"style-css-av-fhpty5-7-2-d05aed1bdb7531152f37dc434e79b415\">\n#top #wrap_all .avia-button.av-fhpty5-7-2-d05aed1bdb7531152f37dc434e79b415{\nbackground-color:#009037;;\nborder-color:#009037;;\ncolor:#ffffff;\ntransition:all 0.4s ease-in-out;\n}\n#top #wrap_all .avia-button.av-fhpty5-7-2-d05aed1bdb7531152f37dc434e79b415 .avia-svg-icon svg:first-child{\nfill:#ffffff;\nstroke:#ffffff;\n}\n<\/style>\n<a href='https:\/\/www.perigordaventureloisirs.com\/es\/informacion-practica-canoe-dordogne\/'  class='avia-button av-fhpty5-7-2-d05aed1bdb7531152f37dc434e79b415 av-link-btn avia-icon_select-yes-left-icon avia-size-small avia-position-'   aria-label=\"Informaci\u00f3n pr\u00e1ctica\"><span class='avia_button_icon avia_button_icon_left avia-iconfont avia-font-entypo-fontello' data-av_icon='\ue832' data-av_iconfont='entypo-fontello' ><\/span><span class='avia_iconbox_title' >Informaci\u00f3n pr\u00e1ctica<\/span><\/a><\/div> <div  class='avia-button-wrap av-fhpty5-6-1-7cdac7f1c351c661bafced9b07dfaf9a-wrap avia-button-  avia-builder-el-20  el_after_av_button  avia-builder-el-last '>\n<style type=\"text\/css\" data-created_by=\"avia_inline_auto\" id=\"style-css-av-fhpty5-6-1-7cdac7f1c351c661bafced9b07dfaf9a\">\n#top #wrap_all .avia-button.av-fhpty5-6-1-7cdac7f1c351c661bafced9b07dfaf9a{\nbackground-color:#e2001a;\nborder-color:#e2001a;\ncolor:#ffffff;\ntransition:all 0.4s ease-in-out;\n}\n#top #wrap_all .avia-button.av-fhpty5-6-1-7cdac7f1c351c661bafced9b07dfaf9a .avia-svg-icon svg:first-child{\nfill:#ffffff;\nstroke:#ffffff;\n}\n<\/style>\n<a href='https:\/\/reservations.perigordaventureloisirs.com\/activite\/canoe-beynac-allas-les-mines'  class='avia-button av-fhpty5-6-1-7cdac7f1c351c661bafced9b07dfaf9a av-link-btn avia-icon_select-yes-left-icon avia-size-small avia-position-'  target=\"_blank\"  rel=\"noopener noreferrer\"  aria-label=\"Reservar\"><span class='avia_button_icon avia_button_icon_left avia-iconfont avia-font-entypo-fontello' data-av_icon='\ue832' data-av_iconfont='entypo-fontello' ><\/span><span class='avia_iconbox_title' >Reservar<\/span><\/a><\/div><\/p>\n<\/div><\/div><\/div><\/section>\n<\/div><\/p><\/div>\n\n<style type=\"text\/css\" data-created_by=\"avia_inline_auto\" id=\"style-css-av-jwrw0d3d-85b533d63ecbd70eb4cf19a53aacbfc1\">\n#top .hr.hr-invisible.av-jwrw0d3d-85b533d63ecbd70eb4cf19a53aacbfc1{\nheight:20px;\n}\n<\/style>\n<div  class='hr av-jwrw0d3d-85b533d63ecbd70eb4cf19a53aacbfc1 hr-invisible  avia-builder-el-21  el_after_av_one_full  el_before_av_textblock '><span class='hr-inner '><span class=\"hr-inner-style\"><\/span><\/span><\/div>\n<section  class='av_textblock_section av-jwrui2a6-f35c9cd1504945c18d514592ba8a4541 '   itemscope=\"itemscope\" itemtype=\"https:\/\/schema.org\/CreativeWork\" ><div class='avia_textblock'  itemprop=\"text\" ><p><em>Posibilidad de pararse para p\u00edcnic y visita.<\/em><br \/>\n<strong>Para la comodidad de todos, reserven sus plazas por mail, tel\u00e9fono o SMS.<\/strong><\/p>\n<p>Precio por persona que incluye material de navegaci\u00f3n, chaleco de ayuda a la flotabilidad y transportes.<br \/>\nTarifa alquiler especial Barco familiar (4 plazas, 2 adultos + ni\u00f1os de 5 a 10 a\u00f1os), sin descuentos\/no sujeta a descuentos, telefonear para informaci\u00f3n.<br \/>\nTARIFA GRUPO a partir de 10 personas. Solicitarlo por mail <a href=\"mailto:info@perigordaventureloisirs.com\">info@perigordaventureloisirs.com<\/a> llamando al <a href=\"tel:+33553282382\">05 53 28 23 82<\/a>.<br \/>\nPosibilidad de p\u00edcnic con servicio de catering a partir de 50 personas.<br \/>\nNota: prohibido ni\u00f1os menores de 5 a\u00f1os, por orden prefectoral de 27 de febrero de 2013.<br \/>\n<strong>Informaci\u00f3n y obligaciones:<\/strong><br \/>\n<em>El Dordo\u00f1a es un r\u00edo de clase I, accesible a todos.<br \/>\nSaber nadar 25 metros en inmersi\u00f3n o sumersi\u00f3n.<br \/>\nEs obligatorio llevar el chaleco de ayuda a la flotabilidad.<br \/>\nEs obligatorio llevar calzado cerrado.<br \/>\nLos ni\u00f1os menores de 12 a\u00f1os deben estar supervisados o acompa\u00f1ados.<br \/>\nNo se permiten ni\u00f1os menores de 5 a\u00f1os (orden prefectoral de 27\/02\/2013).<br \/>\nLos menores no acompa\u00f1ados deben presentar una autorizaci\u00f3n parental o de una persona a su cargo.<br \/>\nRespetar el r\u00edo, el medio ambiente y a los pescadores.<br \/>\nSe permiten perros con correa.<br \/>\nNo arrojar basura al agua ni en las orillas.<br \/>\n\u00a1Cuidado con el sol! Prever crema solar, botella de agua y sombrero y ponga una sujeci\u00f3n a sus gafas.<br \/>\nProteja a los ni\u00f1os.<br \/>\nNo agarrarse a las ramas, ya que se podr\u00eda volcar. Permanecer en medio del r\u00edo.<\/em><\/p>\n<\/div><\/section>\n\n<style type=\"text\/css\" data-created_by=\"avia_inline_auto\" id=\"style-css-av-1y7xob-17b96f83f401d32e699f9955685abaa7\">\n#top .flex_column.av-1y7xob-17b96f83f401d32e699f9955685abaa7{\nmargin-top:20px;\nmargin-bottom:20px;\n}\n.flex_column.av-1y7xob-17b96f83f401d32e699f9955685abaa7{\nborder-radius:0px 0px 0px 0px;\npadding:20px 20px 20px 20px;\nbackground-color:#ebebeb;\n}\n.responsive #top #wrap_all .flex_column.av-1y7xob-17b96f83f401d32e699f9955685abaa7{\nmargin-top:20px;\nmargin-bottom:20px;\n}\n<\/style>\n<div  class='flex_column av-1y7xob-17b96f83f401d32e699f9955685abaa7 av_one_full  avia-builder-el-23  el_after_av_textblock  avia-builder-el-last  first flex_column_div  column-top-margin'     ><style type=\"text\/css\" data-created_by=\"avia_inline_auto\" id=\"style-css-av-jwrui2a6-1-c9813a70448e87b67e71dea43bd75b72\">\n#top .av_textblock_section.av-jwrui2a6-1-c9813a70448e87b67e71dea43bd75b72 .avia_textblock{\ntext-align:center;\n}\n<\/style>\n<section  class='av_textblock_section av-jwrui2a6-1-c9813a70448e87b67e71dea43bd75b72 '   itemscope=\"itemscope\" itemtype=\"https:\/\/schema.org\/CreativeWork\" ><div class='avia_textblock'  itemprop=\"text\" ><h3 style=\"text-align: center;\">Usted desea almorzar en el lugar,<br \/>\nmediod\u00eda o noche?<\/h3>\n<p><img loading=\"lazy\" decoding=\"async\" class=\"size-full wp-image-3387 aligncenter\" src=\"https:\/\/www.perigordaventureloisirs.com\/wp-content\/uploads\/2019\/06\/pique-nique.jpg\" alt=\"\" width=\"590\" height=\"268\" srcset=\"https:\/\/www.perigordaventureloisirs.com\/wp-content\/uploads\/2019\/06\/pique-nique.jpg 590w, https:\/\/www.perigordaventureloisirs.com\/wp-content\/uploads\/2019\/06\/pique-nique-300x136.jpg 300w, https:\/\/www.perigordaventureloisirs.com\/wp-content\/uploads\/2019\/06\/pique-nique-450x204.jpg 450w\" sizes=\"auto, (max-width: 590px) 100vw, 590px\" \/><\/p>\n<p><strong>Plan de comidas a 25 \u20ac<\/strong><br \/>\nEjemplo: ensalada de perigord o verduras crudas + carnes a la parrilla y patatas fritas + pastel de nuez o helado.<\/p>\n<p><strong>Snack, \u00c1rea de picnic disponible<\/strong><\/p>\n<p><strong>Grupos:<\/strong> P\u00f3ngase en contacto con nosotros.<\/p>\n<p><strong><span style=\"color: #e2001a;\">Cualquier propuesta de men\u00fa puede ser estudiada.<\/span><\/strong><\/p>\n<\/div><\/section><\/div>\n","protected":false},"excerpt":{"rendered":"","protected":false},"author":1,"featured_media":0,"parent":0,"menu_order":0,"comment_status":"closed","ping_status":"closed","template":"","meta":{"footnotes":""},"class_list":["post-4115","page","type-page","status-publish","hentry"],"yoast_head":"<!-- This site is optimized with the Yoast SEO plugin v27.4 - https:\/\/yoast.com\/product\/yoast-seo-wordpress\/ -->\n<title>Descente de la Dordogne en cano\u00eb ou kayak 1\/2 journ\u00e9e, journ\u00e9e Vitrac Beynac pr\u00e8s de Sarlat<\/title>\n<meta name=\"description\" content=\"Location de cano\u00eb - kayak pour la descente de la Dordogne pr\u00e8s de Sarlat. 2 bases de location \u00e0 Vitrac et Beynac\" \/>\n<meta name=\"robots\" content=\"index, follow, max-snippet:-1, max-image-preview:large, max-video-preview:-1\" \/>\n<link rel=\"canonical\" href=\"https:\/\/www.perigordaventureloisirs.com\/es\/excursiones-de-un-dia-dordona-canoa-kayak\/\" \/>\n<meta property=\"og:locale\" content=\"es_ES\" \/>\n<meta property=\"og:type\" content=\"article\" \/>\n<meta property=\"og:title\" content=\"Descente de la Dordogne en cano\u00eb ou kayak 1\/2 journ\u00e9e, journ\u00e9e Vitrac Beynac pr\u00e8s de Sarlat\" \/>\n<meta property=\"og:description\" content=\"Location de cano\u00eb - kayak pour la descente de la Dordogne pr\u00e8s de Sarlat. 2 bases de location \u00e0 Vitrac et Beynac\" \/>\n<meta property=\"og:url\" content=\"https:\/\/www.perigordaventureloisirs.com\/es\/excursiones-de-un-dia-dordona-canoa-kayak\/\" \/>\n<meta property=\"og:site_name\" content=\"P\u00e9rigord Aventure et Loisirs\" \/>\n<meta property=\"article:modified_time\" content=\"2024-05-24T11:17:58+00:00\" \/>\n<meta property=\"og:image\" content=\"https:\/\/www.perigordaventureloisirs.com\/wp-content\/uploads\/2019\/06\/pique-nique.jpg\" \/>\n<meta name=\"twitter:card\" content=\"summary_large_image\" \/>\n<meta name=\"twitter:label1\" content=\"Tiempo de lectura\" \/>\n\t<meta name=\"twitter:data1\" content=\"13 minutos\" \/>\n<script type=\"application\/ld+json\" class=\"yoast-schema-graph\">{\"@context\":\"https:\\\/\\\/schema.org\",\"@graph\":[{\"@type\":\"WebPage\",\"@id\":\"https:\\\/\\\/www.perigordaventureloisirs.com\\\/es\\\/excursiones-de-un-dia-dordona-canoa-kayak\\\/\",\"url\":\"https:\\\/\\\/www.perigordaventureloisirs.com\\\/es\\\/excursiones-de-un-dia-dordona-canoa-kayak\\\/\",\"name\":\"Descente de la Dordogne en cano\u00eb ou kayak 1\\\/2 journ\u00e9e, journ\u00e9e Vitrac Beynac pr\u00e8s de Sarlat\",\"isPartOf\":{\"@id\":\"https:\\\/\\\/www.perigordaventureloisirs.com\\\/#website\"},\"primaryImageOfPage\":{\"@id\":\"https:\\\/\\\/www.perigordaventureloisirs.com\\\/es\\\/excursiones-de-un-dia-dordona-canoa-kayak\\\/#primaryimage\"},\"image\":{\"@id\":\"https:\\\/\\\/www.perigordaventureloisirs.com\\\/es\\\/excursiones-de-un-dia-dordona-canoa-kayak\\\/#primaryimage\"},\"thumbnailUrl\":\"https:\\\/\\\/www.perigordaventureloisirs.com\\\/wp-content\\\/uploads\\\/2019\\\/06\\\/pique-nique.jpg\",\"datePublished\":\"2019-06-11T10:30:36+00:00\",\"dateModified\":\"2024-05-24T11:17:58+00:00\",\"description\":\"Location de cano\u00eb - kayak pour la descente de la Dordogne pr\u00e8s de Sarlat. 2 bases de location \u00e0 Vitrac et Beynac\",\"breadcrumb\":{\"@id\":\"https:\\\/\\\/www.perigordaventureloisirs.com\\\/es\\\/excursiones-de-un-dia-dordona-canoa-kayak\\\/#breadcrumb\"},\"inLanguage\":\"es\",\"potentialAction\":[{\"@type\":\"ReadAction\",\"target\":[\"https:\\\/\\\/www.perigordaventureloisirs.com\\\/es\\\/excursiones-de-un-dia-dordona-canoa-kayak\\\/\"]}]},{\"@type\":\"ImageObject\",\"inLanguage\":\"es\",\"@id\":\"https:\\\/\\\/www.perigordaventureloisirs.com\\\/es\\\/excursiones-de-un-dia-dordona-canoa-kayak\\\/#primaryimage\",\"url\":\"https:\\\/\\\/www.perigordaventureloisirs.com\\\/wp-content\\\/uploads\\\/2019\\\/06\\\/pique-nique.jpg\",\"contentUrl\":\"https:\\\/\\\/www.perigordaventureloisirs.com\\\/wp-content\\\/uploads\\\/2019\\\/06\\\/pique-nique.jpg\"},{\"@type\":\"BreadcrumbList\",\"@id\":\"https:\\\/\\\/www.perigordaventureloisirs.com\\\/es\\\/excursiones-de-un-dia-dordona-canoa-kayak\\\/#breadcrumb\",\"itemListElement\":[{\"@type\":\"ListItem\",\"position\":1,\"name\":\"Accueil\",\"item\":\"https:\\\/\\\/www.perigordaventureloisirs.com\\\/es\\\/\"},{\"@type\":\"ListItem\",\"position\":2,\"name\":\"Excursiones de un d\u00eda\"}]},{\"@type\":\"WebSite\",\"@id\":\"https:\\\/\\\/www.perigordaventureloisirs.com\\\/#website\",\"url\":\"https:\\\/\\\/www.perigordaventureloisirs.com\\\/\",\"name\":\"P\u00e9rigord Aventure et Loisirs\",\"description\":\"Location Cano\u00eb Kayak sur la Dordogne\",\"publisher\":{\"@id\":\"https:\\\/\\\/www.perigordaventureloisirs.com\\\/#organization\"},\"potentialAction\":[{\"@type\":\"SearchAction\",\"target\":{\"@type\":\"EntryPoint\",\"urlTemplate\":\"https:\\\/\\\/www.perigordaventureloisirs.com\\\/?s={search_term_string}\"},\"query-input\":{\"@type\":\"PropertyValueSpecification\",\"valueRequired\":true,\"valueName\":\"search_term_string\"}}],\"inLanguage\":\"es\"},{\"@type\":\"Organization\",\"@id\":\"https:\\\/\\\/www.perigordaventureloisirs.com\\\/#organization\",\"name\":\"P\u00e9rigord Aventure Loisirs\",\"url\":\"https:\\\/\\\/www.perigordaventureloisirs.com\\\/\",\"logo\":{\"@type\":\"ImageObject\",\"inLanguage\":\"es\",\"@id\":\"https:\\\/\\\/www.perigordaventureloisirs.com\\\/#\\\/schema\\\/logo\\\/image\\\/\",\"url\":\"https:\\\/\\\/www.perigordaventureloisirs.com\\\/wp-content\\\/uploads\\\/2019\\\/06\\\/logo-perigord-aventure-loisirs-540x125px.png\",\"contentUrl\":\"https:\\\/\\\/www.perigordaventureloisirs.com\\\/wp-content\\\/uploads\\\/2019\\\/06\\\/logo-perigord-aventure-loisirs-540x125px.png\",\"width\":540,\"height\":125,\"caption\":\"P\u00e9rigord Aventure Loisirs\"},\"image\":{\"@id\":\"https:\\\/\\\/www.perigordaventureloisirs.com\\\/#\\\/schema\\\/logo\\\/image\\\/\"}}]}<\/script>\n<!-- \/ Yoast SEO plugin. -->","yoast_head_json":{"title":"Descente de la Dordogne en cano\u00eb ou kayak 1\/2 journ\u00e9e, journ\u00e9e Vitrac Beynac pr\u00e8s de Sarlat","description":"Location de cano\u00eb - kayak pour la descente de la Dordogne pr\u00e8s de Sarlat. 2 bases de location \u00e0 Vitrac et Beynac","robots":{"index":"index","follow":"follow","max-snippet":"max-snippet:-1","max-image-preview":"max-image-preview:large","max-video-preview":"max-video-preview:-1"},"canonical":"https:\/\/www.perigordaventureloisirs.com\/es\/excursiones-de-un-dia-dordona-canoa-kayak\/","og_locale":"es_ES","og_type":"article","og_title":"Descente de la Dordogne en cano\u00eb ou kayak 1\/2 journ\u00e9e, journ\u00e9e Vitrac Beynac pr\u00e8s de Sarlat","og_description":"Location de cano\u00eb - kayak pour la descente de la Dordogne pr\u00e8s de Sarlat. 2 bases de location \u00e0 Vitrac et Beynac","og_url":"https:\/\/www.perigordaventureloisirs.com\/es\/excursiones-de-un-dia-dordona-canoa-kayak\/","og_site_name":"P\u00e9rigord Aventure et Loisirs","article_modified_time":"2024-05-24T11:17:58+00:00","og_image":[{"url":"https:\/\/www.perigordaventureloisirs.com\/wp-content\/uploads\/2019\/06\/pique-nique.jpg","type":"","width":"","height":""}],"twitter_card":"summary_large_image","twitter_misc":{"Tiempo de lectura":"13 minutos"},"schema":{"@context":"https:\/\/schema.org","@graph":[{"@type":"WebPage","@id":"https:\/\/www.perigordaventureloisirs.com\/es\/excursiones-de-un-dia-dordona-canoa-kayak\/","url":"https:\/\/www.perigordaventureloisirs.com\/es\/excursiones-de-un-dia-dordona-canoa-kayak\/","name":"Descente de la Dordogne en cano\u00eb ou kayak 1\/2 journ\u00e9e, journ\u00e9e Vitrac Beynac pr\u00e8s de Sarlat","isPartOf":{"@id":"https:\/\/www.perigordaventureloisirs.com\/#website"},"primaryImageOfPage":{"@id":"https:\/\/www.perigordaventureloisirs.com\/es\/excursiones-de-un-dia-dordona-canoa-kayak\/#primaryimage"},"image":{"@id":"https:\/\/www.perigordaventureloisirs.com\/es\/excursiones-de-un-dia-dordona-canoa-kayak\/#primaryimage"},"thumbnailUrl":"https:\/\/www.perigordaventureloisirs.com\/wp-content\/uploads\/2019\/06\/pique-nique.jpg","datePublished":"2019-06-11T10:30:36+00:00","dateModified":"2024-05-24T11:17:58+00:00","description":"Location de cano\u00eb - kayak pour la descente de la Dordogne pr\u00e8s de Sarlat. 2 bases de location \u00e0 Vitrac et Beynac","breadcrumb":{"@id":"https:\/\/www.perigordaventureloisirs.com\/es\/excursiones-de-un-dia-dordona-canoa-kayak\/#breadcrumb"},"inLanguage":"es","potentialAction":[{"@type":"ReadAction","target":["https:\/\/www.perigordaventureloisirs.com\/es\/excursiones-de-un-dia-dordona-canoa-kayak\/"]}]},{"@type":"ImageObject","inLanguage":"es","@id":"https:\/\/www.perigordaventureloisirs.com\/es\/excursiones-de-un-dia-dordona-canoa-kayak\/#primaryimage","url":"https:\/\/www.perigordaventureloisirs.com\/wp-content\/uploads\/2019\/06\/pique-nique.jpg","contentUrl":"https:\/\/www.perigordaventureloisirs.com\/wp-content\/uploads\/2019\/06\/pique-nique.jpg"},{"@type":"BreadcrumbList","@id":"https:\/\/www.perigordaventureloisirs.com\/es\/excursiones-de-un-dia-dordona-canoa-kayak\/#breadcrumb","itemListElement":[{"@type":"ListItem","position":1,"name":"Accueil","item":"https:\/\/www.perigordaventureloisirs.com\/es\/"},{"@type":"ListItem","position":2,"name":"Excursiones de un d\u00eda"}]},{"@type":"WebSite","@id":"https:\/\/www.perigordaventureloisirs.com\/#website","url":"https:\/\/www.perigordaventureloisirs.com\/","name":"P\u00e9rigord Aventure et Loisirs","description":"Location Cano\u00eb Kayak sur la Dordogne","publisher":{"@id":"https:\/\/www.perigordaventureloisirs.com\/#organization"},"potentialAction":[{"@type":"SearchAction","target":{"@type":"EntryPoint","urlTemplate":"https:\/\/www.perigordaventureloisirs.com\/?s={search_term_string}"},"query-input":{"@type":"PropertyValueSpecification","valueRequired":true,"valueName":"search_term_string"}}],"inLanguage":"es"},{"@type":"Organization","@id":"https:\/\/www.perigordaventureloisirs.com\/#organization","name":"P\u00e9rigord Aventure Loisirs","url":"https:\/\/www.perigordaventureloisirs.com\/","logo":{"@type":"ImageObject","inLanguage":"es","@id":"https:\/\/www.perigordaventureloisirs.com\/#\/schema\/logo\/image\/","url":"https:\/\/www.perigordaventureloisirs.com\/wp-content\/uploads\/2019\/06\/logo-perigord-aventure-loisirs-540x125px.png","contentUrl":"https:\/\/www.perigordaventureloisirs.com\/wp-content\/uploads\/2019\/06\/logo-perigord-aventure-loisirs-540x125px.png","width":540,"height":125,"caption":"P\u00e9rigord Aventure Loisirs"},"image":{"@id":"https:\/\/www.perigordaventureloisirs.com\/#\/schema\/logo\/image\/"}}]}},"_links":{"self":[{"href":"https:\/\/www.perigordaventureloisirs.com\/es\/wp-json\/wp\/v2\/pages\/4115","targetHints":{"allow":["GET"]}}],"collection":[{"href":"https:\/\/www.perigordaventureloisirs.com\/es\/wp-json\/wp\/v2\/pages"}],"about":[{"href":"https:\/\/www.perigordaventureloisirs.com\/es\/wp-json\/wp\/v2\/types\/page"}],"author":[{"embeddable":true,"href":"https:\/\/www.perigordaventureloisirs.com\/es\/wp-json\/wp\/v2\/users\/1"}],"replies":[{"embeddable":true,"href":"https:\/\/www.perigordaventureloisirs.com\/es\/wp-json\/wp\/v2\/comments?post=4115"}],"version-history":[{"count":0,"href":"https:\/\/www.perigordaventureloisirs.com\/es\/wp-json\/wp\/v2\/pages\/4115\/revisions"}],"wp:attachment":[{"href":"https:\/\/www.perigordaventureloisirs.com\/es\/wp-json\/wp\/v2\/media?parent=4115"}],"curies":[{"name":"wp","href":"https:\/\/api.w.org\/{rel}","templated":true}]}}